{"id":12215,"date":"2017-12-30T08:07:02","date_gmt":"2017-12-30T07:07:02","guid":{"rendered":"http:\/\/fotonet.cz\/wordpress\/?page_id=12215"},"modified":"2020-10-04T21:37:57","modified_gmt":"2020-10-04T19:37:57","slug":"materialy","status":"publish","type":"page","link":"https:\/\/fotonet.cz\/wordpress\/benefity\/materialy\/","title":{"rendered":"Materi\u00e1ly"},"content":{"rendered":"<p><div class=\"fusion-fullwidth fullwidth-box fusion-builder-row-1 hundred-percent-fullwidth non-hundred-percent-height-scrolling\" style=\"--awb-border-radius-top-left:0px;--awb-border-radius-top-right:0px;--awb-border-radius-bottom-right:0px;--awb-border-radius-bottom-left:0px;--awb-flex-wrap:wrap;\" ><div class=\"fusion-builder-row fusion-row\"><div class=\"fusion-layout-column fusion_builder_column fusion-builder-column-0 fusion_builder_column_1_1 1_1 fusion-one-full fusion-column-first fusion-column-last\" style=\"--awb-bg-size:cover;\"><div class=\"fusion-column-wrapper fusion-flex-column-wrapper-legacy\"><div class=\"fusion-title title fusion-title-1 fusion-sep-none fusion-title-center fusion-title-text fusion-title-size-one\" style=\"--awb-margin-bottom:0px;\"><h1 class=\"fusion-title-heading title-heading-center fusion-responsive-typography-calculated\" style=\"margin:0;--fontSize:28;line-height:1.45;\">NEJ\u0160IR\u0160\u00cd NAB\u00cdDKA MATERI\u00c1L\u016e<\/h1><\/div><div class=\"fusion-search-element fusion-search-element-1 fusion-search-form-classic\" style=\"--awb-margin-top:2%;--awb-margin-right:20%;--awb-margin-bottom:2%;--awb-margin-left:20%;\">\t\t<form role=\"search\" class=\"searchform fusion-search-form  fusion-live-search fusion-search-form-classic\" method=\"get\" action=\"https:\/\/fotonet.cz\/wordpress\/\">\n\t\t\t<div class=\"fusion-search-form-content\">\n\n\t\t\t\t\n\t\t\t\t<div class=\"fusion-search-field search-field\">\n\t\t\t\t\t<label><span class=\"screen-reader-text\">Hledat:<\/span>\n\t\t\t\t\t\t\t\t\t\t\t\t\t<input type=\"search\" class=\"s fusion-live-search-input\" name=\"s\" id=\"fusion-live-search-input-0\" autocomplete=\"off\" placeholder=\"Hledat materi\u00e1l\" required aria-required=\"true\" aria-label=\"Hledat materi\u00e1l\"\/>\n\t\t\t\t\t\t\t\t\t\t\t<\/label>\n\t\t\t\t<\/div>\n\t\t\t\t<div class=\"fusion-search-button search-button\">\n\t\t\t\t\t<input type=\"submit\" class=\"fusion-search-submit searchsubmit\" aria-label=\"Hledat\" value=\"&#xf002;\" \/>\n\t\t\t\t\t\t\t\t\t\t<div class=\"fusion-slider-loading\"><\/div>\n\t\t\t\t\t\t\t\t\t<\/div>\n\n\t\t\t\t<input type=\"hidden\" name=\"post_type[]\" value=\"avada_portfolio\" \/><input type=\"hidden\" name=\"search_limit_to_post_titles\" value=\"0\" \/><input type=\"hidden\" name=\"add_woo_product_skus\" value=\"0\" \/><input type=\"hidden\" name=\"live_min_character\" value=\"4\" \/><input type=\"hidden\" name=\"live_posts_per_page\" value=\"100\" \/><input type=\"hidden\" name=\"live_search_display_featured_image\" value=\"1\" \/><input type=\"hidden\" name=\"live_search_display_post_type\" value=\"1\" \/><input type=\"hidden\" name=\"fs\" value=\"1\" \/>\n\t\t\t<\/div>\n\n\n\t\t\t\t\t\t\t<div class=\"fusion-search-results-wrapper\"><div class=\"fusion-search-results\"><\/div><\/div>\n\t\t\t\n\t\t<\/form>\n\t\t<\/div><style type=\"text\/css\">.fusion-portfolio-wrapper#fusion-portfolio-1 .fusion-portfolio-content{ padding: 25px 25px 25px 25px; text-align: left; }<\/style><div class=\"fusion-recent-works fusion-portfolio-element fusion-portfolio fusion-portfolio-1 fusion-portfolio-grid fusion-portfolio-paging-none fusion-portfolio-five fusion-portfolio-boxed fusion-portfolio-text fusion-portfolio-equal-heights\" data-id=\"-rw-1\" data-columns=\"five\"><div><ul class=\"fusion-filters\" role=\"menu\" aria-label=\"Portfolio Filters\"><li role=\"presentation\" class=\"fusion-filter fusion-filter-all fusion-active\"><a href=\"#\" data-filter=\"*\" role=\"menuitem\">V\u0161e<\/a><\/li><li role=\"presentation\" class=\"fusion-filter fusion-hidden\"><a href=\"#\" data-filter=\".deskove_materialy\" role=\"menuitem\">Deskov\u00e9 materi\u00e1ly (12)<\/a><\/li><li role=\"presentation\" class=\"fusion-filter fusion-hidden\"><a href=\"#\" data-filter=\".povrchove-upravy\" role=\"menuitem\">Povrchov\u00e9 \u00fapravy (6)<\/a><\/li><li role=\"presentation\" class=\"fusion-filter fusion-hidden\"><a href=\"#\" data-filter=\".tiskove_materialy\" role=\"menuitem\">Tiskov\u00e9 materi\u00e1ly (33)<\/a><\/li><\/ul><\/div><style type=\"text\/css\">.fusion-portfolio-1 .fusion-portfolio-wrapper .fusion-col-spacing{padding:10px;}<\/style><div class=\"fusion-portfolio-wrapper\" id=\"fusion-portfolio-1\" data-picturesize=\"auto\" data-pages=\"0\" style=\"margin:-10px;\"><article id=\"portfolio-1-post-12275\" class=\"fusion-portfolio-post tiskove_materialy fusion-col-spacing post-12275\"><div class=\"fusion-portfolio-content-wrapper\" style=\"border:1px solid #3e3e3e;border-bottom-width:3px;background-color:rgba(255,255,255,0);\"><span class=\"vcard rich-snippet-hidden\"><span class=\"fn\"><a href=\"https:\/\/fotonet.cz\/wordpress\/author\/rosenbaum\/\" title=\"P\u0159\u00edsp\u011bvky od Michal Rosenbaum\" rel=\"author\">Michal Rosenbaum<\/a><\/span><\/span><span class=\"updated rich-snippet-hidden\">2020-09-30T11:41:42+02:00<\/span><div  class=\"fusion-image-wrapper\" aria-haspopup=\"true\">\n\t\t\t\t\t\t\t<a href=\"https:\/\/fotonet.cz\/wordpress\/portfolio-items\/papir-matny-potahovany-90g\/\" aria-label=\"Pap\u00edr matn\u00fd potahovan\u00fd 90 g\">\n\t\t\t\t\t\t\t<img decoding=\"async\" width=\"1920\" height=\"1080\" src=\"https:\/\/fotonet.cz\/wordpress\/wp-content\/uploads\/2020\/05\/papir_matny_potahovany_90g.jpg\" class=\"attachment-full size-full wp-post-image\" alt=\"\" srcset=\"https:\/\/fotonet.cz\/wordpress\/wp-content\/uploads\/2020\/05\/papir_matny_potahovany_90g-200x113.jpg 200w, https:\/\/fotonet.cz\/wordpress\/wp-content\/uploads\/2020\/05\/papir_matny_potahovany_90g-400x225.jpg 400w, https:\/\/fotonet.cz\/wordpress\/wp-content\/uploads\/2020\/05\/papir_matny_potahovany_90g-600x338.jpg 600w, https:\/\/fotonet.cz\/wordpress\/wp-content\/uploads\/2020\/05\/papir_matny_potahovany_90g-800x450.jpg 800w, https:\/\/fotonet.cz\/wordpress\/wp-content\/uploads\/2020\/05\/papir_matny_potahovany_90g-1200x675.jpg 1200w, https:\/\/fotonet.cz\/wordpress\/wp-content\/uploads\/2020\/05\/papir_matny_potahovany_90g.jpg 1920w\" sizes=\"(min-width: 2200px) 100vw, (min-width: 1088px) 204px, (min-width: 976px) 255px, (min-width: 864px) 340px, (min-width: 752px) 510px, (min-width: 640px) 752px, \" \/>\t\t\t<\/a>\n\t\t\t\t\t\t\t<\/div>\n<div class=\"fusion-portfolio-content\" style=\"background-color:rgba(255,255,255,0);\"><h2 class=\"entry-title fusion-post-title\"><a href=\"https:\/\/fotonet.cz\/wordpress\/portfolio-items\/papir-matny-potahovany-90g\/\">Pap\u00edr matn\u00fd potahovan\u00fd 90 g<\/a><\/h2><div class=\"fusion-post-content\"><\/div><\/div><\/div><\/article><article id=\"portfolio-1-post-12422\" class=\"fusion-portfolio-post tiskove_materialy fusion-col-spacing post-12422\"><div class=\"fusion-portfolio-content-wrapper\" style=\"border:1px solid #3e3e3e;border-bottom-width:3px;background-color:rgba(255,255,255,0);\"><span class=\"vcard rich-snippet-hidden\"><span class=\"fn\"><a href=\"https:\/\/fotonet.cz\/wordpress\/author\/rosenbaum\/\" title=\"P\u0159\u00edsp\u011bvky od Michal Rosenbaum\" rel=\"author\">Michal Rosenbaum<\/a><\/span><\/span><span class=\"updated rich-snippet-hidden\">2020-10-21T09:25:05+02:00<\/span><div  class=\"fusion-image-wrapper\" aria-haspopup=\"true\">\n\t\t\t\t\t\t\t<a href=\"https:\/\/fotonet.cz\/wordpress\/portfolio-items\/papir-matny-potahovany-140-g\/\" aria-label=\"Pap\u00edr matn\u00fd potahovan\u00fd 140 g\">\n\t\t\t\t\t\t\t<img decoding=\"async\" width=\"1920\" height=\"1080\" src=\"https:\/\/fotonet.cz\/wordpress\/wp-content\/uploads\/2020\/05\/papir_matny_potahovany_140g.jpg\" class=\"attachment-full size-full wp-post-image\" alt=\"\" srcset=\"https:\/\/fotonet.cz\/wordpress\/wp-content\/uploads\/2020\/05\/papir_matny_potahovany_140g-200x113.jpg 200w, https:\/\/fotonet.cz\/wordpress\/wp-content\/uploads\/2020\/05\/papir_matny_potahovany_140g-400x225.jpg 400w, https:\/\/fotonet.cz\/wordpress\/wp-content\/uploads\/2020\/05\/papir_matny_potahovany_140g-600x338.jpg 600w, https:\/\/fotonet.cz\/wordpress\/wp-content\/uploads\/2020\/05\/papir_matny_potahovany_140g-800x450.jpg 800w, https:\/\/fotonet.cz\/wordpress\/wp-content\/uploads\/2020\/05\/papir_matny_potahovany_140g-1200x675.jpg 1200w, https:\/\/fotonet.cz\/wordpress\/wp-content\/uploads\/2020\/05\/papir_matny_potahovany_140g.jpg 1920w\" sizes=\"(min-width: 2200px) 100vw, (min-width: 1088px) 204px, (min-width: 976px) 255px, (min-width: 864px) 340px, (min-width: 752px) 510px, (min-width: 640px) 752px, \" \/>\t\t\t<\/a>\n\t\t\t\t\t\t\t<\/div>\n<div class=\"fusion-portfolio-content\" style=\"background-color:rgba(255,255,255,0);\"><h2 class=\"entry-title fusion-post-title\"><a href=\"https:\/\/fotonet.cz\/wordpress\/portfolio-items\/papir-matny-potahovany-140-g\/\">Pap\u00edr matn\u00fd potahovan\u00fd 140 g<\/a><\/h2><div class=\"fusion-post-content\"><\/div><\/div><\/div><\/article><article id=\"portfolio-1-post-14567\" class=\"fusion-portfolio-post tiskove_materialy fusion-col-spacing post-14567\"><div class=\"fusion-portfolio-content-wrapper\" style=\"border:1px solid #3e3e3e;border-bottom-width:3px;background-color:rgba(255,255,255,0);\"><span class=\"vcard rich-snippet-hidden\"><span class=\"fn\"><a href=\"https:\/\/fotonet.cz\/wordpress\/author\/rosenbaum\/\" title=\"P\u0159\u00edsp\u011bvky od Michal Rosenbaum\" rel=\"author\">Michal Rosenbaum<\/a><\/span><\/span><span class=\"updated rich-snippet-hidden\">2022-11-03T13:35:01+01:00<\/span><div  class=\"fusion-image-wrapper\" aria-haspopup=\"true\">\n\t\t\t\t\t\t\t<a href=\"https:\/\/fotonet.cz\/wordpress\/portfolio-items\/papir-plakatovy-matny-150-g\/\" aria-label=\"Pap\u00edr plak\u00e1tov\u00fd matn\u00fd 150 g\">\n\t\t\t\t\t\t\t<img decoding=\"async\" width=\"1920\" height=\"1080\" src=\"https:\/\/fotonet.cz\/wordpress\/wp-content\/uploads\/2020\/05\/Papir_plakatovy_matny_150g.jpg\" class=\"attachment-full size-full wp-post-image\" alt=\"\" srcset=\"https:\/\/fotonet.cz\/wordpress\/wp-content\/uploads\/2020\/05\/Papir_plakatovy_matny_150g-200x113.jpg 200w, https:\/\/fotonet.cz\/wordpress\/wp-content\/uploads\/2020\/05\/Papir_plakatovy_matny_150g-400x225.jpg 400w, https:\/\/fotonet.cz\/wordpress\/wp-content\/uploads\/2020\/05\/Papir_plakatovy_matny_150g-600x338.jpg 600w, https:\/\/fotonet.cz\/wordpress\/wp-content\/uploads\/2020\/05\/Papir_plakatovy_matny_150g-800x450.jpg 800w, https:\/\/fotonet.cz\/wordpress\/wp-content\/uploads\/2020\/05\/Papir_plakatovy_matny_150g-1200x675.jpg 1200w, https:\/\/fotonet.cz\/wordpress\/wp-content\/uploads\/2020\/05\/Papir_plakatovy_matny_150g.jpg 1920w\" sizes=\"(min-width: 2200px) 100vw, (min-width: 1088px) 204px, (min-width: 976px) 255px, (min-width: 864px) 340px, (min-width: 752px) 510px, (min-width: 640px) 752px, \" \/>\t\t\t<\/a>\n\t\t\t\t\t\t\t<\/div>\n<div class=\"fusion-portfolio-content\" style=\"background-color:rgba(255,255,255,0);\"><h2 class=\"entry-title fusion-post-title\"><a href=\"https:\/\/fotonet.cz\/wordpress\/portfolio-items\/papir-plakatovy-matny-150-g\/\">Pap\u00edr plak\u00e1tov\u00fd matn\u00fd 150 g<\/a><\/h2><div class=\"fusion-post-content\"><\/div><\/div><\/div><\/article><article id=\"portfolio-1-post-14570\" class=\"fusion-portfolio-post tiskove_materialy fusion-col-spacing post-14570\"><div class=\"fusion-portfolio-content-wrapper\" style=\"border:1px solid #3e3e3e;border-bottom-width:3px;background-color:rgba(255,255,255,0);\"><span class=\"vcard rich-snippet-hidden\"><span class=\"fn\"><a href=\"https:\/\/fotonet.cz\/wordpress\/author\/rosenbaum\/\" title=\"P\u0159\u00edsp\u011bvky od Michal Rosenbaum\" rel=\"author\">Michal Rosenbaum<\/a><\/span><\/span><span class=\"updated rich-snippet-hidden\">2022-11-03T13:36:07+01:00<\/span><div  class=\"fusion-image-wrapper\" aria-haspopup=\"true\">\n\t\t\t\t\t\t\t<a href=\"https:\/\/fotonet.cz\/wordpress\/portfolio-items\/papir-plakatovy-polomatny-200-g\/\" aria-label=\"Pap\u00edr plak\u00e1tov\u00fd polomatn\u00fd 200 g\">\n\t\t\t\t\t\t\t<img decoding=\"async\" width=\"1920\" height=\"1080\" src=\"https:\/\/fotonet.cz\/wordpress\/wp-content\/uploads\/2020\/05\/Papir_plakatovy_matny_150g.jpg\" class=\"attachment-full size-full wp-post-image\" alt=\"\" srcset=\"https:\/\/fotonet.cz\/wordpress\/wp-content\/uploads\/2020\/05\/Papir_plakatovy_matny_150g-200x113.jpg 200w, https:\/\/fotonet.cz\/wordpress\/wp-content\/uploads\/2020\/05\/Papir_plakatovy_matny_150g-400x225.jpg 400w, https:\/\/fotonet.cz\/wordpress\/wp-content\/uploads\/2020\/05\/Papir_plakatovy_matny_150g-600x338.jpg 600w, https:\/\/fotonet.cz\/wordpress\/wp-content\/uploads\/2020\/05\/Papir_plakatovy_matny_150g-800x450.jpg 800w, https:\/\/fotonet.cz\/wordpress\/wp-content\/uploads\/2020\/05\/Papir_plakatovy_matny_150g-1200x675.jpg 1200w, https:\/\/fotonet.cz\/wordpress\/wp-content\/uploads\/2020\/05\/Papir_plakatovy_matny_150g.jpg 1920w\" sizes=\"(min-width: 2200px) 100vw, (min-width: 1088px) 204px, (min-width: 976px) 255px, (min-width: 864px) 340px, (min-width: 752px) 510px, (min-width: 640px) 752px, \" \/>\t\t\t<\/a>\n\t\t\t\t\t\t\t<\/div>\n<div class=\"fusion-portfolio-content\" style=\"background-color:rgba(255,255,255,0);\"><h2 class=\"entry-title fusion-post-title\"><a href=\"https:\/\/fotonet.cz\/wordpress\/portfolio-items\/papir-plakatovy-polomatny-200-g\/\">Pap\u00edr plak\u00e1tov\u00fd polomatn\u00fd 200 g<\/a><\/h2><div class=\"fusion-post-content\"><\/div><\/div><\/div><\/article><article id=\"portfolio-1-post-12425\" class=\"fusion-portfolio-post tiskove_materialy fusion-col-spacing post-12425\"><div class=\"fusion-portfolio-content-wrapper\" style=\"border:1px solid #3e3e3e;border-bottom-width:3px;background-color:rgba(255,255,255,0);\"><span class=\"vcard rich-snippet-hidden\"><span class=\"fn\"><a href=\"https:\/\/fotonet.cz\/wordpress\/author\/rosenbaum\/\" title=\"P\u0159\u00edsp\u011bvky od Michal Rosenbaum\" rel=\"author\">Michal Rosenbaum<\/a><\/span><\/span><span class=\"updated rich-snippet-hidden\">2022-07-21T10:10:22+02:00<\/span><div  class=\"fusion-image-wrapper\" aria-haspopup=\"true\">\n\t\t\t\t\t\t\t<a href=\"https:\/\/fotonet.cz\/wordpress\/portfolio-items\/fotopapir-satenovy-200-g\/\" aria-label=\"Fotopap\u00edr sat\u00e9nov\u00fd 200 g\">\n\t\t\t\t\t\t\t<img decoding=\"async\" width=\"1920\" height=\"1080\" src=\"https:\/\/fotonet.cz\/wordpress\/wp-content\/uploads\/2022\/07\/fotopapir_satenovy_200g-3.jpg\" class=\"attachment-full size-full wp-post-image\" alt=\"\" srcset=\"https:\/\/fotonet.cz\/wordpress\/wp-content\/uploads\/2022\/07\/fotopapir_satenovy_200g-3-200x113.jpg 200w, https:\/\/fotonet.cz\/wordpress\/wp-content\/uploads\/2022\/07\/fotopapir_satenovy_200g-3-400x225.jpg 400w, https:\/\/fotonet.cz\/wordpress\/wp-content\/uploads\/2022\/07\/fotopapir_satenovy_200g-3-600x338.jpg 600w, https:\/\/fotonet.cz\/wordpress\/wp-content\/uploads\/2022\/07\/fotopapir_satenovy_200g-3-800x450.jpg 800w, https:\/\/fotonet.cz\/wordpress\/wp-content\/uploads\/2022\/07\/fotopapir_satenovy_200g-3-1200x675.jpg 1200w, https:\/\/fotonet.cz\/wordpress\/wp-content\/uploads\/2022\/07\/fotopapir_satenovy_200g-3.jpg 1920w\" sizes=\"(min-width: 2200px) 100vw, (min-width: 1088px) 204px, (min-width: 976px) 255px, (min-width: 864px) 340px, (min-width: 752px) 510px, (min-width: 640px) 752px, \" \/>\t\t\t<\/a>\n\t\t\t\t\t\t\t<\/div>\n<div class=\"fusion-portfolio-content\" style=\"background-color:rgba(255,255,255,0);\"><h2 class=\"entry-title fusion-post-title\"><a href=\"https:\/\/fotonet.cz\/wordpress\/portfolio-items\/fotopapir-satenovy-200-g\/\">Fotopap\u00edr sat\u00e9nov\u00fd 200 g<\/a><\/h2><div class=\"fusion-post-content\"><\/div><\/div><\/div><\/article><article id=\"portfolio-1-post-14499\" class=\"fusion-portfolio-post tiskove_materialy fusion-col-spacing post-14499\"><div class=\"fusion-portfolio-content-wrapper\" style=\"border:1px solid #3e3e3e;border-bottom-width:3px;background-color:rgba(255,255,255,0);\"><span class=\"vcard rich-snippet-hidden\"><span class=\"fn\"><a href=\"https:\/\/fotonet.cz\/wordpress\/author\/rosenbaum\/\" title=\"P\u0159\u00edsp\u011bvky od Michal Rosenbaum\" rel=\"author\">Michal Rosenbaum<\/a><\/span><\/span><span class=\"updated rich-snippet-hidden\">2022-11-03T13:37:38+01:00<\/span><div  class=\"fusion-image-wrapper\" aria-haspopup=\"true\">\n\t\t\t\t\t\t\t<a href=\"https:\/\/fotonet.cz\/wordpress\/portfolio-items\/fotopapir-leskly-200-g\/\" aria-label=\"Fotopap\u00edr leskl\u00fd 200 g\">\n\t\t\t\t\t\t\t<img decoding=\"async\" width=\"1920\" height=\"1080\" src=\"https:\/\/fotonet.cz\/wordpress\/wp-content\/uploads\/2020\/05\/fotopapir_leskly_200g.jpg\" class=\"attachment-full size-full wp-post-image\" alt=\"\" srcset=\"https:\/\/fotonet.cz\/wordpress\/wp-content\/uploads\/2020\/05\/fotopapir_leskly_200g-200x113.jpg 200w, https:\/\/fotonet.cz\/wordpress\/wp-content\/uploads\/2020\/05\/fotopapir_leskly_200g-400x225.jpg 400w, https:\/\/fotonet.cz\/wordpress\/wp-content\/uploads\/2020\/05\/fotopapir_leskly_200g-600x338.jpg 600w, https:\/\/fotonet.cz\/wordpress\/wp-content\/uploads\/2020\/05\/fotopapir_leskly_200g-800x450.jpg 800w, https:\/\/fotonet.cz\/wordpress\/wp-content\/uploads\/2020\/05\/fotopapir_leskly_200g-1200x675.jpg 1200w, https:\/\/fotonet.cz\/wordpress\/wp-content\/uploads\/2020\/05\/fotopapir_leskly_200g.jpg 1920w\" sizes=\"(min-width: 2200px) 100vw, (min-width: 1088px) 204px, (min-width: 976px) 255px, (min-width: 864px) 340px, (min-width: 752px) 510px, (min-width: 640px) 752px, \" \/>\t\t\t<\/a>\n\t\t\t\t\t\t\t<\/div>\n<div class=\"fusion-portfolio-content\" style=\"background-color:rgba(255,255,255,0);\"><h2 class=\"entry-title fusion-post-title\"><a href=\"https:\/\/fotonet.cz\/wordpress\/portfolio-items\/fotopapir-leskly-200-g\/\">Fotopap\u00edr leskl\u00fd 200 g<\/a><\/h2><div class=\"fusion-post-content\"><\/div><\/div><\/div><\/article><article id=\"portfolio-1-post-12427\" class=\"fusion-portfolio-post tiskove_materialy fusion-col-spacing post-12427\"><div class=\"fusion-portfolio-content-wrapper\" style=\"border:1px solid #3e3e3e;border-bottom-width:3px;background-color:rgba(255,255,255,0);\"><span class=\"vcard rich-snippet-hidden\"><span class=\"fn\"><a href=\"https:\/\/fotonet.cz\/wordpress\/author\/rosenbaum\/\" title=\"P\u0159\u00edsp\u011bvky od Michal Rosenbaum\" rel=\"author\">Michal Rosenbaum<\/a><\/span><\/span><span class=\"updated rich-snippet-hidden\">2022-07-21T10:18:56+02:00<\/span><div  class=\"fusion-image-wrapper\" aria-haspopup=\"true\">\n\t\t\t\t\t\t\t<a href=\"https:\/\/fotonet.cz\/wordpress\/portfolio-items\/fotopapir-satenovy-250-g\/\" aria-label=\"Fotopap\u00edr sat\u00e9nov\u00fd 250 g\">\n\t\t\t\t\t\t\t<img decoding=\"async\" width=\"1920\" height=\"1080\" src=\"https:\/\/fotonet.cz\/wordpress\/wp-content\/uploads\/2022\/07\/fotopapir_satenovy_250g.jpg\" class=\"attachment-full size-full wp-post-image\" alt=\"\" srcset=\"https:\/\/fotonet.cz\/wordpress\/wp-content\/uploads\/2022\/07\/fotopapir_satenovy_250g-200x113.jpg 200w, https:\/\/fotonet.cz\/wordpress\/wp-content\/uploads\/2022\/07\/fotopapir_satenovy_250g-400x225.jpg 400w, https:\/\/fotonet.cz\/wordpress\/wp-content\/uploads\/2022\/07\/fotopapir_satenovy_250g-600x338.jpg 600w, https:\/\/fotonet.cz\/wordpress\/wp-content\/uploads\/2022\/07\/fotopapir_satenovy_250g-800x450.jpg 800w, https:\/\/fotonet.cz\/wordpress\/wp-content\/uploads\/2022\/07\/fotopapir_satenovy_250g-1200x675.jpg 1200w, https:\/\/fotonet.cz\/wordpress\/wp-content\/uploads\/2022\/07\/fotopapir_satenovy_250g.jpg 1920w\" sizes=\"(min-width: 2200px) 100vw, (min-width: 1088px) 204px, (min-width: 976px) 255px, (min-width: 864px) 340px, (min-width: 752px) 510px, (min-width: 640px) 752px, \" \/>\t\t\t<\/a>\n\t\t\t\t\t\t\t<\/div>\n<div class=\"fusion-portfolio-content\" style=\"background-color:rgba(255,255,255,0);\"><h2 class=\"entry-title fusion-post-title\"><a href=\"https:\/\/fotonet.cz\/wordpress\/portfolio-items\/fotopapir-satenovy-250-g\/\">Fotopap\u00edr sat\u00e9nov\u00fd 250 g<\/a><\/h2><div class=\"fusion-post-content\"><\/div><\/div><\/div><\/article><article id=\"portfolio-1-post-14503\" class=\"fusion-portfolio-post tiskove_materialy fusion-col-spacing post-14503\"><div class=\"fusion-portfolio-content-wrapper\" style=\"border:1px solid #3e3e3e;border-bottom-width:3px;background-color:rgba(255,255,255,0);\"><span class=\"vcard rich-snippet-hidden\"><span class=\"fn\"><a href=\"https:\/\/fotonet.cz\/wordpress\/author\/rosenbaum\/\" title=\"P\u0159\u00edsp\u011bvky od Michal Rosenbaum\" rel=\"author\">Michal Rosenbaum<\/a><\/span><\/span><span class=\"updated rich-snippet-hidden\">2022-11-03T13:39:25+01:00<\/span><div  class=\"fusion-image-wrapper\" aria-haspopup=\"true\">\n\t\t\t\t\t\t\t<a href=\"https:\/\/fotonet.cz\/wordpress\/portfolio-items\/fotopapir-leskly-250-g\/\" aria-label=\"Fotopap\u00edr leskl\u00fd 250 g\">\n\t\t\t\t\t\t\t<img decoding=\"async\" width=\"1920\" height=\"1080\" src=\"https:\/\/fotonet.cz\/wordpress\/wp-content\/uploads\/2020\/05\/fotopapir_leskly_250g.jpg\" class=\"attachment-full size-full wp-post-image\" alt=\"\" srcset=\"https:\/\/fotonet.cz\/wordpress\/wp-content\/uploads\/2020\/05\/fotopapir_leskly_250g-200x113.jpg 200w, https:\/\/fotonet.cz\/wordpress\/wp-content\/uploads\/2020\/05\/fotopapir_leskly_250g-400x225.jpg 400w, https:\/\/fotonet.cz\/wordpress\/wp-content\/uploads\/2020\/05\/fotopapir_leskly_250g-600x338.jpg 600w, https:\/\/fotonet.cz\/wordpress\/wp-content\/uploads\/2020\/05\/fotopapir_leskly_250g-800x450.jpg 800w, https:\/\/fotonet.cz\/wordpress\/wp-content\/uploads\/2020\/05\/fotopapir_leskly_250g-1200x675.jpg 1200w, https:\/\/fotonet.cz\/wordpress\/wp-content\/uploads\/2020\/05\/fotopapir_leskly_250g.jpg 1920w\" sizes=\"(min-width: 2200px) 100vw, (min-width: 1088px) 204px, (min-width: 976px) 255px, (min-width: 864px) 340px, (min-width: 752px) 510px, (min-width: 640px) 752px, \" \/>\t\t\t<\/a>\n\t\t\t\t\t\t\t<\/div>\n<div class=\"fusion-portfolio-content\" style=\"background-color:rgba(255,255,255,0);\"><h2 class=\"entry-title fusion-post-title\"><a href=\"https:\/\/fotonet.cz\/wordpress\/portfolio-items\/fotopapir-leskly-250-g\/\">Fotopap\u00edr leskl\u00fd 250 g<\/a><\/h2><div class=\"fusion-post-content\"><\/div><\/div><\/div><\/article><article id=\"portfolio-1-post-13147\" class=\"fusion-portfolio-post tiskove_materialy fusion-col-spacing post-13147\"><div class=\"fusion-portfolio-content-wrapper\" style=\"border:1px solid #3e3e3e;border-bottom-width:3px;background-color:rgba(255,255,255,0);\"><span class=\"vcard rich-snippet-hidden\"><span class=\"fn\"><a href=\"https:\/\/fotonet.cz\/wordpress\/author\/rosenbaum\/\" title=\"P\u0159\u00edsp\u011bvky od Michal Rosenbaum\" rel=\"author\">Michal Rosenbaum<\/a><\/span><\/span><span class=\"updated rich-snippet-hidden\">2022-07-21T10:28:17+02:00<\/span><div  class=\"fusion-image-wrapper\" aria-haspopup=\"true\">\n\t\t\t\t\t\t\t<a href=\"https:\/\/fotonet.cz\/wordpress\/portfolio-items\/fotopapir-pyramidovy-250-g\/\" aria-label=\"Fotopap\u00edr pyramidov\u00fd 250 g\">\n\t\t\t\t\t\t\t<img decoding=\"async\" width=\"1920\" height=\"1080\" src=\"https:\/\/fotonet.cz\/wordpress\/wp-content\/uploads\/2020\/01\/fotopapir_pyramidovy_250g.jpg\" class=\"attachment-full size-full wp-post-image\" alt=\"\" srcset=\"https:\/\/fotonet.cz\/wordpress\/wp-content\/uploads\/2020\/01\/fotopapir_pyramidovy_250g-200x113.jpg 200w, https:\/\/fotonet.cz\/wordpress\/wp-content\/uploads\/2020\/01\/fotopapir_pyramidovy_250g-400x225.jpg 400w, https:\/\/fotonet.cz\/wordpress\/wp-content\/uploads\/2020\/01\/fotopapir_pyramidovy_250g-600x338.jpg 600w, https:\/\/fotonet.cz\/wordpress\/wp-content\/uploads\/2020\/01\/fotopapir_pyramidovy_250g-800x450.jpg 800w, https:\/\/fotonet.cz\/wordpress\/wp-content\/uploads\/2020\/01\/fotopapir_pyramidovy_250g-1200x675.jpg 1200w, https:\/\/fotonet.cz\/wordpress\/wp-content\/uploads\/2020\/01\/fotopapir_pyramidovy_250g.jpg 1920w\" sizes=\"(min-width: 2200px) 100vw, (min-width: 1088px) 204px, (min-width: 976px) 255px, (min-width: 864px) 340px, (min-width: 752px) 510px, (min-width: 640px) 752px, \" \/>\t\t\t<\/a>\n\t\t\t\t\t\t\t<\/div>\n<div class=\"fusion-portfolio-content\" style=\"background-color:rgba(255,255,255,0);\"><h2 class=\"entry-title fusion-post-title\"><a href=\"https:\/\/fotonet.cz\/wordpress\/portfolio-items\/fotopapir-pyramidovy-250-g\/\">Fotopap\u00edr pyramidov\u00fd 250 g<\/a><\/h2><div class=\"fusion-post-content\"><\/div><\/div><\/div><\/article><article id=\"portfolio-1-post-13145\" class=\"fusion-portfolio-post tiskove_materialy fusion-col-spacing post-13145\"><div class=\"fusion-portfolio-content-wrapper\" style=\"border:1px solid #3e3e3e;border-bottom-width:3px;background-color:rgba(255,255,255,0);\"><span class=\"vcard rich-snippet-hidden\"><span class=\"fn\"><a href=\"https:\/\/fotonet.cz\/wordpress\/author\/rosenbaum\/\" title=\"P\u0159\u00edsp\u011bvky od Michal Rosenbaum\" rel=\"author\">Michal Rosenbaum<\/a><\/span><\/span><span class=\"updated rich-snippet-hidden\">2022-07-21T10:35:50+02:00<\/span><div  class=\"fusion-image-wrapper\" aria-haspopup=\"true\">\n\t\t\t\t\t\t\t<a href=\"https:\/\/fotonet.cz\/wordpress\/portfolio-items\/fotopapir-superleskly-290-g\/\" aria-label=\"Fotopap\u00edr superleskl\u00fd 290 g\">\n\t\t\t\t\t\t\t<img decoding=\"async\" width=\"1920\" height=\"1080\" src=\"https:\/\/fotonet.cz\/wordpress\/wp-content\/uploads\/2022\/07\/fotopapir_superleskly_290g.jpg\" class=\"attachment-full size-full wp-post-image\" alt=\"\" srcset=\"https:\/\/fotonet.cz\/wordpress\/wp-content\/uploads\/2022\/07\/fotopapir_superleskly_290g-200x113.jpg 200w, https:\/\/fotonet.cz\/wordpress\/wp-content\/uploads\/2022\/07\/fotopapir_superleskly_290g-400x225.jpg 400w, https:\/\/fotonet.cz\/wordpress\/wp-content\/uploads\/2022\/07\/fotopapir_superleskly_290g-600x338.jpg 600w, https:\/\/fotonet.cz\/wordpress\/wp-content\/uploads\/2022\/07\/fotopapir_superleskly_290g-800x450.jpg 800w, https:\/\/fotonet.cz\/wordpress\/wp-content\/uploads\/2022\/07\/fotopapir_superleskly_290g-1200x675.jpg 1200w, https:\/\/fotonet.cz\/wordpress\/wp-content\/uploads\/2022\/07\/fotopapir_superleskly_290g.jpg 1920w\" sizes=\"(min-width: 2200px) 100vw, (min-width: 1088px) 204px, (min-width: 976px) 255px, (min-width: 864px) 340px, (min-width: 752px) 510px, (min-width: 640px) 752px, \" \/>\t\t\t<\/a>\n\t\t\t\t\t\t\t<\/div>\n<div class=\"fusion-portfolio-content\" style=\"background-color:rgba(255,255,255,0);\"><h2 class=\"entry-title fusion-post-title\"><a href=\"https:\/\/fotonet.cz\/wordpress\/portfolio-items\/fotopapir-superleskly-290-g\/\">Fotopap\u00edr superleskl\u00fd 290 g<\/a><\/h2><div class=\"fusion-post-content\"><\/div><\/div><\/div><\/article><article id=\"portfolio-1-post-13140\" class=\"fusion-portfolio-post tiskove_materialy fusion-col-spacing post-13140\"><div class=\"fusion-portfolio-content-wrapper\" style=\"border:1px solid #3e3e3e;border-bottom-width:3px;background-color:rgba(255,255,255,0);\"><span class=\"vcard rich-snippet-hidden\"><span class=\"fn\"><a href=\"https:\/\/fotonet.cz\/wordpress\/author\/rosenbaum\/\" title=\"P\u0159\u00edsp\u011bvky od Michal Rosenbaum\" rel=\"author\">Michal Rosenbaum<\/a><\/span><\/span><span class=\"updated rich-snippet-hidden\">2022-07-21T10:45:40+02:00<\/span><div  class=\"fusion-image-wrapper\" aria-haspopup=\"true\">\n\t\t\t\t\t\t\t<a href=\"https:\/\/fotonet.cz\/wordpress\/portfolio-items\/fotopapir-perletovy-290-g\/\" aria-label=\"Fotopap\u00edr perle\u0165ov\u00fd 290 g\">\n\t\t\t\t\t\t\t<img decoding=\"async\" width=\"1920\" height=\"1080\" src=\"https:\/\/fotonet.cz\/wordpress\/wp-content\/uploads\/2020\/01\/fotopapir_perletovy_290g.jpg\" class=\"attachment-full size-full wp-post-image\" alt=\"\" srcset=\"https:\/\/fotonet.cz\/wordpress\/wp-content\/uploads\/2020\/01\/fotopapir_perletovy_290g-200x113.jpg 200w, https:\/\/fotonet.cz\/wordpress\/wp-content\/uploads\/2020\/01\/fotopapir_perletovy_290g-400x225.jpg 400w, https:\/\/fotonet.cz\/wordpress\/wp-content\/uploads\/2020\/01\/fotopapir_perletovy_290g-600x338.jpg 600w, https:\/\/fotonet.cz\/wordpress\/wp-content\/uploads\/2020\/01\/fotopapir_perletovy_290g-800x450.jpg 800w, https:\/\/fotonet.cz\/wordpress\/wp-content\/uploads\/2020\/01\/fotopapir_perletovy_290g-1200x675.jpg 1200w, https:\/\/fotonet.cz\/wordpress\/wp-content\/uploads\/2020\/01\/fotopapir_perletovy_290g.jpg 1920w\" sizes=\"(min-width: 2200px) 100vw, (min-width: 1088px) 204px, (min-width: 976px) 255px, (min-width: 864px) 340px, (min-width: 752px) 510px, (min-width: 640px) 752px, \" \/>\t\t\t<\/a>\n\t\t\t\t\t\t\t<\/div>\n<div class=\"fusion-portfolio-content\" style=\"background-color:rgba(255,255,255,0);\"><h2 class=\"entry-title fusion-post-title\"><a href=\"https:\/\/fotonet.cz\/wordpress\/portfolio-items\/fotopapir-perletovy-290-g\/\">Fotopap\u00edr perle\u0165ov\u00fd 290 g<\/a><\/h2><div class=\"fusion-post-content\"><\/div><\/div><\/div><\/article><article id=\"portfolio-1-post-13196\" class=\"fusion-portfolio-post fusion-col-spacing post-13196\"><div class=\"fusion-portfolio-content-wrapper\" style=\"border:1px solid #3e3e3e;border-bottom-width:3px;background-color:rgba(255,255,255,0);\"><span class=\"vcard rich-snippet-hidden\"><span class=\"fn\"><a href=\"https:\/\/fotonet.cz\/wordpress\/author\/rosenbaum\/\" title=\"P\u0159\u00edsp\u011bvky od Michal Rosenbaum\" rel=\"author\">Michal Rosenbaum<\/a><\/span><\/span><span class=\"updated rich-snippet-hidden\">2020-09-30T10:56:42+02:00<\/span><div  class=\"fusion-image-wrapper\" aria-haspopup=\"true\">\n\t\t\t\t\t\t\t<a href=\"https:\/\/fotonet.cz\/wordpress\/portfolio-items\/papir-metalicky-perletovy-superleskly-290-g\/\" aria-label=\"Pap\u00edr metalick\u00fd perle\u0165ov\u00fd superleskl\u00fd 290 g\">\n\t\t\t\t\t\t\t<img decoding=\"async\" width=\"1920\" height=\"1080\" src=\"https:\/\/fotonet.cz\/wordpress\/wp-content\/uploads\/2020\/05\/papir_metalicky_perletovy_superleskly_290g.jpg\" class=\"attachment-full size-full wp-post-image\" alt=\"\" srcset=\"https:\/\/fotonet.cz\/wordpress\/wp-content\/uploads\/2020\/05\/papir_metalicky_perletovy_superleskly_290g-200x113.jpg 200w, https:\/\/fotonet.cz\/wordpress\/wp-content\/uploads\/2020\/05\/papir_metalicky_perletovy_superleskly_290g-400x225.jpg 400w, https:\/\/fotonet.cz\/wordpress\/wp-content\/uploads\/2020\/05\/papir_metalicky_perletovy_superleskly_290g-600x338.jpg 600w, https:\/\/fotonet.cz\/wordpress\/wp-content\/uploads\/2020\/05\/papir_metalicky_perletovy_superleskly_290g-800x450.jpg 800w, https:\/\/fotonet.cz\/wordpress\/wp-content\/uploads\/2020\/05\/papir_metalicky_perletovy_superleskly_290g-1200x675.jpg 1200w, https:\/\/fotonet.cz\/wordpress\/wp-content\/uploads\/2020\/05\/papir_metalicky_perletovy_superleskly_290g.jpg 1920w\" sizes=\"(min-width: 2200px) 100vw, (min-width: 1088px) 204px, (min-width: 976px) 255px, (min-width: 864px) 340px, (min-width: 752px) 510px, (min-width: 640px) 752px, \" \/>\t\t\t<\/a>\n\t\t\t\t\t\t\t<\/div>\n<div class=\"fusion-portfolio-content\" style=\"background-color:rgba(255,255,255,0);\"><h2 class=\"entry-title fusion-post-title\"><a href=\"https:\/\/fotonet.cz\/wordpress\/portfolio-items\/papir-metalicky-perletovy-superleskly-290-g\/\">Pap\u00edr metalick\u00fd perle\u0165ov\u00fd superleskl\u00fd 290 g<\/a><\/h2><div class=\"fusion-post-content\"><\/div><\/div><\/div><\/article><article id=\"portfolio-1-post-13150\" class=\"fusion-portfolio-post fusion-col-spacing post-13150\"><div class=\"fusion-portfolio-content-wrapper\" style=\"border:1px solid #3e3e3e;border-bottom-width:3px;background-color:rgba(255,255,255,0);\"><span class=\"vcard rich-snippet-hidden\"><span class=\"fn\"><a href=\"https:\/\/fotonet.cz\/wordpress\/author\/rosenbaum\/\" title=\"P\u0159\u00edsp\u011bvky od Michal Rosenbaum\" rel=\"author\">Michal Rosenbaum<\/a><\/span><\/span><span class=\"updated rich-snippet-hidden\">2022-07-21T10:54:40+02:00<\/span><div  class=\"fusion-image-wrapper\" aria-haspopup=\"true\">\n\t\t\t\t\t\t\t<a href=\"https:\/\/fotonet.cz\/wordpress\/portfolio-items\/papir-bavlneny-matny-240-g\/\" aria-label=\"Pap\u00edr bavln\u011bn\u00fd matn\u00fd 240 g\">\n\t\t\t\t\t\t\t<img decoding=\"async\" width=\"1920\" height=\"1080\" src=\"https:\/\/fotonet.cz\/wordpress\/wp-content\/uploads\/2020\/01\/papir_bavlneny_matny_240g.jpg\" class=\"attachment-full size-full wp-post-image\" alt=\"\" srcset=\"https:\/\/fotonet.cz\/wordpress\/wp-content\/uploads\/2020\/01\/papir_bavlneny_matny_240g-200x113.jpg 200w, https:\/\/fotonet.cz\/wordpress\/wp-content\/uploads\/2020\/01\/papir_bavlneny_matny_240g-400x225.jpg 400w, https:\/\/fotonet.cz\/wordpress\/wp-content\/uploads\/2020\/01\/papir_bavlneny_matny_240g-600x338.jpg 600w, https:\/\/fotonet.cz\/wordpress\/wp-content\/uploads\/2020\/01\/papir_bavlneny_matny_240g-800x450.jpg 800w, https:\/\/fotonet.cz\/wordpress\/wp-content\/uploads\/2020\/01\/papir_bavlneny_matny_240g-1200x675.jpg 1200w, https:\/\/fotonet.cz\/wordpress\/wp-content\/uploads\/2020\/01\/papir_bavlneny_matny_240g.jpg 1920w\" sizes=\"(min-width: 2200px) 100vw, (min-width: 1088px) 204px, (min-width: 976px) 255px, (min-width: 864px) 340px, (min-width: 752px) 510px, (min-width: 640px) 752px, \" \/>\t\t\t<\/a>\n\t\t\t\t\t\t\t<\/div>\n<div class=\"fusion-portfolio-content\" style=\"background-color:rgba(255,255,255,0);\"><h2 class=\"entry-title fusion-post-title\"><a href=\"https:\/\/fotonet.cz\/wordpress\/portfolio-items\/papir-bavlneny-matny-240-g\/\">Pap\u00edr bavln\u011bn\u00fd matn\u00fd 240 g<\/a><\/h2><div class=\"fusion-post-content\"><\/div><\/div><\/div><\/article><article id=\"portfolio-1-post-13152\" class=\"fusion-portfolio-post fusion-col-spacing post-13152\"><div class=\"fusion-portfolio-content-wrapper\" style=\"border:1px solid #3e3e3e;border-bottom-width:3px;background-color:rgba(255,255,255,0);\"><span class=\"vcard rich-snippet-hidden\"><span class=\"fn\"><a href=\"https:\/\/fotonet.cz\/wordpress\/author\/rosenbaum\/\" title=\"P\u0159\u00edsp\u011bvky od Michal Rosenbaum\" rel=\"author\">Michal Rosenbaum<\/a><\/span><\/span><span class=\"updated rich-snippet-hidden\">2022-07-21T10:59:39+02:00<\/span><div  class=\"fusion-image-wrapper\" aria-haspopup=\"true\">\n\t\t\t\t\t\t\t<a href=\"https:\/\/fotonet.cz\/wordpress\/portfolio-items\/papir-barytovy-hedvabny-310-g\/\" aria-label=\"Pap\u00edr barytov\u00fd hedv\u00e1bn\u00fd 310 g\">\n\t\t\t\t\t\t\t<img decoding=\"async\" width=\"1920\" height=\"1080\" src=\"https:\/\/fotonet.cz\/wordpress\/wp-content\/uploads\/2020\/01\/papir_barytovy_hedvabny_310g.jpg\" class=\"attachment-full size-full wp-post-image\" alt=\"\" srcset=\"https:\/\/fotonet.cz\/wordpress\/wp-content\/uploads\/2020\/01\/papir_barytovy_hedvabny_310g-200x113.jpg 200w, https:\/\/fotonet.cz\/wordpress\/wp-content\/uploads\/2020\/01\/papir_barytovy_hedvabny_310g-400x225.jpg 400w, https:\/\/fotonet.cz\/wordpress\/wp-content\/uploads\/2020\/01\/papir_barytovy_hedvabny_310g-600x338.jpg 600w, https:\/\/fotonet.cz\/wordpress\/wp-content\/uploads\/2020\/01\/papir_barytovy_hedvabny_310g-800x450.jpg 800w, https:\/\/fotonet.cz\/wordpress\/wp-content\/uploads\/2020\/01\/papir_barytovy_hedvabny_310g-1200x675.jpg 1200w, https:\/\/fotonet.cz\/wordpress\/wp-content\/uploads\/2020\/01\/papir_barytovy_hedvabny_310g.jpg 1920w\" sizes=\"(min-width: 2200px) 100vw, (min-width: 1088px) 204px, (min-width: 976px) 255px, (min-width: 864px) 340px, (min-width: 752px) 510px, (min-width: 640px) 752px, \" \/>\t\t\t<\/a>\n\t\t\t\t\t\t\t<\/div>\n<div class=\"fusion-portfolio-content\" style=\"background-color:rgba(255,255,255,0);\"><h2 class=\"entry-title fusion-post-title\"><a href=\"https:\/\/fotonet.cz\/wordpress\/portfolio-items\/papir-barytovy-hedvabny-310-g\/\">Pap\u00edr barytov\u00fd hedv\u00e1bn\u00fd 310 g<\/a><\/h2><div class=\"fusion-post-content\"><\/div><\/div><\/div><\/article><article id=\"portfolio-1-post-14529\" class=\"fusion-portfolio-post tiskove_materialy fusion-col-spacing post-14529\"><div class=\"fusion-portfolio-content-wrapper\" style=\"border:1px solid #3e3e3e;border-bottom-width:3px;background-color:rgba(255,255,255,0);\"><span class=\"vcard rich-snippet-hidden\"><span class=\"fn\"><a href=\"https:\/\/fotonet.cz\/wordpress\/author\/rosenbaum\/\" title=\"P\u0159\u00edsp\u011bvky od Michal Rosenbaum\" rel=\"author\">Michal Rosenbaum<\/a><\/span><\/span><span class=\"updated rich-snippet-hidden\">2023-01-02T15:15:30+01:00<\/span><div  class=\"fusion-image-wrapper\" aria-haspopup=\"true\">\n\t\t\t\t\t\t\t<a href=\"https:\/\/fotonet.cz\/wordpress\/portfolio-items\/samolepka-pvcmatna\/\" aria-label=\"Samolepka PVC matn\u00e1\">\n\t\t\t\t\t\t\t<img decoding=\"async\" width=\"1920\" height=\"1080\" src=\"https:\/\/fotonet.cz\/wordpress\/wp-content\/uploads\/2020\/07\/samolepka_avery_3021_hop-2.jpg\" class=\"attachment-full size-full wp-post-image\" alt=\"\" srcset=\"https:\/\/fotonet.cz\/wordpress\/wp-content\/uploads\/2020\/07\/samolepka_avery_3021_hop-2-200x113.jpg 200w, https:\/\/fotonet.cz\/wordpress\/wp-content\/uploads\/2020\/07\/samolepka_avery_3021_hop-2-400x225.jpg 400w, https:\/\/fotonet.cz\/wordpress\/wp-content\/uploads\/2020\/07\/samolepka_avery_3021_hop-2-600x338.jpg 600w, https:\/\/fotonet.cz\/wordpress\/wp-content\/uploads\/2020\/07\/samolepka_avery_3021_hop-2-800x450.jpg 800w, https:\/\/fotonet.cz\/wordpress\/wp-content\/uploads\/2020\/07\/samolepka_avery_3021_hop-2-1200x675.jpg 1200w, https:\/\/fotonet.cz\/wordpress\/wp-content\/uploads\/2020\/07\/samolepka_avery_3021_hop-2.jpg 1920w\" sizes=\"(min-width: 2200px) 100vw, (min-width: 1088px) 204px, (min-width: 976px) 255px, (min-width: 864px) 340px, (min-width: 752px) 510px, (min-width: 640px) 752px, \" \/>\t\t\t<\/a>\n\t\t\t\t\t\t\t<\/div>\n<div class=\"fusion-portfolio-content\" style=\"background-color:rgba(255,255,255,0);\"><h2 class=\"entry-title fusion-post-title\"><a href=\"https:\/\/fotonet.cz\/wordpress\/portfolio-items\/samolepka-pvcmatna\/\">Samolepka PVC matn\u00e1<\/a><\/h2><div class=\"fusion-post-content\"><\/div><\/div><\/div><\/article><article id=\"portfolio-1-post-14521\" class=\"fusion-portfolio-post tiskove_materialy fusion-col-spacing post-14521\"><div class=\"fusion-portfolio-content-wrapper\" style=\"border:1px solid #3e3e3e;border-bottom-width:3px;background-color:rgba(255,255,255,0);\"><span class=\"vcard rich-snippet-hidden\"><span class=\"fn\"><a href=\"https:\/\/fotonet.cz\/wordpress\/author\/rosenbaum\/\" title=\"P\u0159\u00edsp\u011bvky od Michal Rosenbaum\" rel=\"author\">Michal Rosenbaum<\/a><\/span><\/span><span class=\"updated rich-snippet-hidden\">2022-11-03T13:44:26+01:00<\/span><div  class=\"fusion-image-wrapper\" aria-haspopup=\"true\">\n\t\t\t\t\t\t\t<a href=\"https:\/\/fotonet.cz\/wordpress\/portfolio-items\/fotopapir-termosublimacni-zakladni-205-g\/\" aria-label=\"Fotopap\u00edr termosublima\u010dn\u00ed z\u00e1kladn\u00ed 205 g\">\n\t\t\t\t\t\t\t<img decoding=\"async\" width=\"1500\" height=\"1023\" src=\"https:\/\/fotonet.cz\/wordpress\/wp-content\/uploads\/2020\/07\/termosublimacni_dnp_media_set_standard.jpg\" class=\"attachment-full size-full wp-post-image\" alt=\"\" srcset=\"https:\/\/fotonet.cz\/wordpress\/wp-content\/uploads\/2020\/07\/termosublimacni_dnp_media_set_standard-200x136.jpg 200w, https:\/\/fotonet.cz\/wordpress\/wp-content\/uploads\/2020\/07\/termosublimacni_dnp_media_set_standard-400x273.jpg 400w, https:\/\/fotonet.cz\/wordpress\/wp-content\/uploads\/2020\/07\/termosublimacni_dnp_media_set_standard-600x409.jpg 600w, https:\/\/fotonet.cz\/wordpress\/wp-content\/uploads\/2020\/07\/termosublimacni_dnp_media_set_standard-800x546.jpg 800w, https:\/\/fotonet.cz\/wordpress\/wp-content\/uploads\/2020\/07\/termosublimacni_dnp_media_set_standard-1200x818.jpg 1200w, https:\/\/fotonet.cz\/wordpress\/wp-content\/uploads\/2020\/07\/termosublimacni_dnp_media_set_standard.jpg 1500w\" sizes=\"(min-width: 2200px) 100vw, (min-width: 1088px) 204px, (min-width: 976px) 255px, (min-width: 864px) 340px, (min-width: 752px) 510px, (min-width: 640px) 752px, \" \/>\t\t\t<\/a>\n\t\t\t\t\t\t\t<\/div>\n<div class=\"fusion-portfolio-content\" style=\"background-color:rgba(255,255,255,0);\"><h2 class=\"entry-title fusion-post-title\"><a href=\"https:\/\/fotonet.cz\/wordpress\/portfolio-items\/fotopapir-termosublimacni-zakladni-205-g\/\">Fotopap\u00edr termosublima\u010dn\u00ed z\u00e1kladn\u00ed 205 g<\/a><\/h2><div class=\"fusion-post-content\"><\/div><\/div><\/div><\/article><article id=\"portfolio-1-post-14531\" class=\"fusion-portfolio-post tiskove_materialy fusion-col-spacing post-14531\"><div class=\"fusion-portfolio-content-wrapper\" style=\"border:1px solid #3e3e3e;border-bottom-width:3px;background-color:rgba(255,255,255,0);\"><span class=\"vcard rich-snippet-hidden\"><span class=\"fn\"><a href=\"https:\/\/fotonet.cz\/wordpress\/author\/rosenbaum\/\" title=\"P\u0159\u00edsp\u011bvky od Michal Rosenbaum\" rel=\"author\">Michal Rosenbaum<\/a><\/span><\/span><span class=\"updated rich-snippet-hidden\">2022-11-03T13:46:56+01:00<\/span><div  class=\"fusion-image-wrapper\" aria-haspopup=\"true\">\n\t\t\t\t\t\t\t<a href=\"https:\/\/fotonet.cz\/wordpress\/portfolio-items\/samolepka-pvc-leskla\/\" aria-label=\"Samolepka PVC leskl\u00e1\">\n\t\t\t\t\t\t\t<img decoding=\"async\" width=\"1920\" height=\"1080\" src=\"https:\/\/fotonet.cz\/wordpress\/wp-content\/uploads\/2020\/05\/samolepka_avery_3021_hop.jpg\" class=\"attachment-full size-full wp-post-image\" alt=\"\" srcset=\"https:\/\/fotonet.cz\/wordpress\/wp-content\/uploads\/2020\/05\/samolepka_avery_3021_hop-200x113.jpg 200w, https:\/\/fotonet.cz\/wordpress\/wp-content\/uploads\/2020\/05\/samolepka_avery_3021_hop-400x225.jpg 400w, https:\/\/fotonet.cz\/wordpress\/wp-content\/uploads\/2020\/05\/samolepka_avery_3021_hop-600x338.jpg 600w, https:\/\/fotonet.cz\/wordpress\/wp-content\/uploads\/2020\/05\/samolepka_avery_3021_hop-800x450.jpg 800w, https:\/\/fotonet.cz\/wordpress\/wp-content\/uploads\/2020\/05\/samolepka_avery_3021_hop-1200x675.jpg 1200w, https:\/\/fotonet.cz\/wordpress\/wp-content\/uploads\/2020\/05\/samolepka_avery_3021_hop.jpg 1920w\" sizes=\"(min-width: 2200px) 100vw, (min-width: 1088px) 204px, (min-width: 976px) 255px, (min-width: 864px) 340px, (min-width: 752px) 510px, (min-width: 640px) 752px, \" \/>\t\t\t<\/a>\n\t\t\t\t\t\t\t<\/div>\n<div class=\"fusion-portfolio-content\" style=\"background-color:rgba(255,255,255,0);\"><h2 class=\"entry-title fusion-post-title\"><a href=\"https:\/\/fotonet.cz\/wordpress\/portfolio-items\/samolepka-pvc-leskla\/\">Samolepka PVC leskl\u00e1<\/a><\/h2><div class=\"fusion-post-content\"><\/div><\/div><\/div><\/article><article id=\"portfolio-1-post-13193\" class=\"fusion-portfolio-post tiskove_materialy fusion-col-spacing post-13193\"><div class=\"fusion-portfolio-content-wrapper\" style=\"border:1px solid #3e3e3e;border-bottom-width:3px;background-color:rgba(255,255,255,0);\"><span class=\"vcard rich-snippet-hidden\"><span class=\"fn\"><a href=\"https:\/\/fotonet.cz\/wordpress\/author\/rosenbaum\/\" title=\"P\u0159\u00edsp\u011bvky od Michal Rosenbaum\" rel=\"author\">Michal Rosenbaum<\/a><\/span><\/span><span class=\"updated rich-snippet-hidden\">2022-07-21T11:08:10+02:00<\/span><div  class=\"fusion-image-wrapper\" aria-haspopup=\"true\">\n\t\t\t\t\t\t\t<a href=\"https:\/\/fotonet.cz\/wordpress\/portfolio-items\/samolepka-premiova-120-g\/\" aria-label=\"Samolepka pr\u00e9miov\u00e1 120 g\">\n\t\t\t\t\t\t\t<img decoding=\"async\" width=\"1920\" height=\"1080\" src=\"https:\/\/fotonet.cz\/wordpress\/wp-content\/uploads\/2020\/01\/samolepka_premiova_120g.jpg\" class=\"attachment-full size-full wp-post-image\" alt=\"\" srcset=\"https:\/\/fotonet.cz\/wordpress\/wp-content\/uploads\/2020\/01\/samolepka_premiova_120g-200x113.jpg 200w, https:\/\/fotonet.cz\/wordpress\/wp-content\/uploads\/2020\/01\/samolepka_premiova_120g-400x225.jpg 400w, https:\/\/fotonet.cz\/wordpress\/wp-content\/uploads\/2020\/01\/samolepka_premiova_120g-600x338.jpg 600w, https:\/\/fotonet.cz\/wordpress\/wp-content\/uploads\/2020\/01\/samolepka_premiova_120g-800x450.jpg 800w, https:\/\/fotonet.cz\/wordpress\/wp-content\/uploads\/2020\/01\/samolepka_premiova_120g-1200x675.jpg 1200w, https:\/\/fotonet.cz\/wordpress\/wp-content\/uploads\/2020\/01\/samolepka_premiova_120g.jpg 1920w\" sizes=\"(min-width: 2200px) 100vw, (min-width: 1088px) 204px, (min-width: 976px) 255px, (min-width: 864px) 340px, (min-width: 752px) 510px, (min-width: 640px) 752px, \" \/>\t\t\t<\/a>\n\t\t\t\t\t\t\t<\/div>\n<div class=\"fusion-portfolio-content\" style=\"background-color:rgba(255,255,255,0);\"><h2 class=\"entry-title fusion-post-title\"><a href=\"https:\/\/fotonet.cz\/wordpress\/portfolio-items\/samolepka-premiova-120-g\/\">Samolepka pr\u00e9miov\u00e1 120 g<\/a><\/h2><div class=\"fusion-post-content\"><\/div><\/div><\/div><\/article><article id=\"portfolio-1-post-14525\" class=\"fusion-portfolio-post tiskove_materialy fusion-col-spacing post-14525\"><div class=\"fusion-portfolio-content-wrapper\" style=\"border:1px solid #3e3e3e;border-bottom-width:3px;background-color:rgba(255,255,255,0);\"><span class=\"vcard rich-snippet-hidden\"><span class=\"fn\"><a href=\"https:\/\/fotonet.cz\/wordpress\/author\/rosenbaum\/\" title=\"P\u0159\u00edsp\u011bvky od Michal Rosenbaum\" rel=\"author\">Michal Rosenbaum<\/a><\/span><\/span><span class=\"updated rich-snippet-hidden\">2022-11-03T13:48:20+01:00<\/span><div  class=\"fusion-image-wrapper\" aria-haspopup=\"true\">\n\t\t\t\t\t\t\t<a href=\"https:\/\/fotonet.cz\/wordpress\/portfolio-items\/fotopapir-termosublimacni-premiovy-230-g\/\" aria-label=\"Fotopap\u00edr termosublima\u010dn\u00ed pr\u00e9miov\u00fd 230 g\">\n\t\t\t\t\t\t\t<img decoding=\"async\" width=\"1500\" height=\"1023\" src=\"https:\/\/fotonet.cz\/wordpress\/wp-content\/uploads\/2020\/07\/termosublimacni_dnp_media_set_premium.jpg\" class=\"attachment-full size-full wp-post-image\" alt=\"\" srcset=\"https:\/\/fotonet.cz\/wordpress\/wp-content\/uploads\/2020\/07\/termosublimacni_dnp_media_set_premium-200x136.jpg 200w, https:\/\/fotonet.cz\/wordpress\/wp-content\/uploads\/2020\/07\/termosublimacni_dnp_media_set_premium-400x273.jpg 400w, https:\/\/fotonet.cz\/wordpress\/wp-content\/uploads\/2020\/07\/termosublimacni_dnp_media_set_premium-600x409.jpg 600w, https:\/\/fotonet.cz\/wordpress\/wp-content\/uploads\/2020\/07\/termosublimacni_dnp_media_set_premium-800x546.jpg 800w, https:\/\/fotonet.cz\/wordpress\/wp-content\/uploads\/2020\/07\/termosublimacni_dnp_media_set_premium-1200x818.jpg 1200w, https:\/\/fotonet.cz\/wordpress\/wp-content\/uploads\/2020\/07\/termosublimacni_dnp_media_set_premium.jpg 1500w\" sizes=\"(min-width: 2200px) 100vw, (min-width: 1088px) 204px, (min-width: 976px) 255px, (min-width: 864px) 340px, (min-width: 752px) 510px, (min-width: 640px) 752px, \" \/>\t\t\t<\/a>\n\t\t\t\t\t\t\t<\/div>\n<div class=\"fusion-portfolio-content\" style=\"background-color:rgba(255,255,255,0);\"><h2 class=\"entry-title fusion-post-title\"><a href=\"https:\/\/fotonet.cz\/wordpress\/portfolio-items\/fotopapir-termosublimacni-premiovy-230-g\/\">Fotopap\u00edr termosublima\u010dn\u00ed pr\u00e9miov\u00fd 230 g<\/a><\/h2><div class=\"fusion-post-content\"><\/div><\/div><\/div><\/article><article id=\"portfolio-1-post-14545\" class=\"fusion-portfolio-post tiskove_materialy fusion-col-spacing post-14545\"><div class=\"fusion-portfolio-content-wrapper\" style=\"border:1px solid #3e3e3e;border-bottom-width:3px;background-color:rgba(255,255,255,0);\"><span class=\"vcard rich-snippet-hidden\"><span class=\"fn\"><a href=\"https:\/\/fotonet.cz\/wordpress\/author\/rosenbaum\/\" title=\"P\u0159\u00edsp\u011bvky od Michal Rosenbaum\" rel=\"author\">Michal Rosenbaum<\/a><\/span><\/span><span class=\"updated rich-snippet-hidden\">2023-01-02T14:21:36+01:00<\/span><div  class=\"fusion-image-wrapper\" aria-haspopup=\"true\">\n\t\t\t\t\t\t\t<a href=\"https:\/\/fotonet.cz\/wordpress\/portfolio-items\/translucentni-samolepka-matna\/\" aria-label=\"Translucentn\u00ed samolepka matn\u00e1\">\n\t\t\t\t\t\t\t<img decoding=\"async\" width=\"1920\" height=\"1080\" src=\"https:\/\/fotonet.cz\/wordpress\/wp-content\/uploads\/2020\/07\/Translucentni-samolepka-matna-5.jpg\" class=\"attachment-full size-full wp-post-image\" alt=\"\" srcset=\"https:\/\/fotonet.cz\/wordpress\/wp-content\/uploads\/2020\/07\/Translucentni-samolepka-matna-5-200x113.jpg 200w, https:\/\/fotonet.cz\/wordpress\/wp-content\/uploads\/2020\/07\/Translucentni-samolepka-matna-5-400x225.jpg 400w, https:\/\/fotonet.cz\/wordpress\/wp-content\/uploads\/2020\/07\/Translucentni-samolepka-matna-5-600x338.jpg 600w, https:\/\/fotonet.cz\/wordpress\/wp-content\/uploads\/2020\/07\/Translucentni-samolepka-matna-5-800x450.jpg 800w, https:\/\/fotonet.cz\/wordpress\/wp-content\/uploads\/2020\/07\/Translucentni-samolepka-matna-5-1200x675.jpg 1200w, https:\/\/fotonet.cz\/wordpress\/wp-content\/uploads\/2020\/07\/Translucentni-samolepka-matna-5.jpg 1920w\" sizes=\"(min-width: 2200px) 100vw, (min-width: 1088px) 204px, (min-width: 976px) 255px, (min-width: 864px) 340px, (min-width: 752px) 510px, (min-width: 640px) 752px, \" \/>\t\t\t<\/a>\n\t\t\t\t\t\t\t<\/div>\n<div class=\"fusion-portfolio-content\" style=\"background-color:rgba(255,255,255,0);\"><h2 class=\"entry-title fusion-post-title\"><a href=\"https:\/\/fotonet.cz\/wordpress\/portfolio-items\/translucentni-samolepka-matna\/\">Translucentn\u00ed samolepka matn\u00e1<\/a><\/h2><div class=\"fusion-post-content\"><\/div><\/div><\/div><\/article><article id=\"portfolio-1-post-14547\" class=\"fusion-portfolio-post tiskove_materialy fusion-col-spacing post-14547\"><div class=\"fusion-portfolio-content-wrapper\" style=\"border:1px solid #3e3e3e;border-bottom-width:3px;background-color:rgba(255,255,255,0);\"><span class=\"vcard rich-snippet-hidden\"><span class=\"fn\"><a href=\"https:\/\/fotonet.cz\/wordpress\/author\/rosenbaum\/\" title=\"P\u0159\u00edsp\u011bvky od Michal Rosenbaum\" rel=\"author\">Michal Rosenbaum<\/a><\/span><\/span><span class=\"updated rich-snippet-hidden\">2023-01-02T15:36:40+01:00<\/span><div  class=\"fusion-image-wrapper\" aria-haspopup=\"true\">\n\t\t\t\t\t\t\t<a href=\"https:\/\/fotonet.cz\/wordpress\/portfolio-items\/fototapeta-papirova-hladka-matna-150-g\/\" aria-label=\"Fototapeta pap\u00edrov\u00e1 hladk\u00e1 matn\u00e1 150 g\">\n\t\t\t\t\t\t\t<img decoding=\"async\" width=\"1920\" height=\"1080\" src=\"https:\/\/fotonet.cz\/wordpress\/wp-content\/uploads\/2020\/07\/Fototapeta-papirova-hladka-matna-150-g.jpg\" class=\"attachment-full size-full wp-post-image\" alt=\"\" srcset=\"https:\/\/fotonet.cz\/wordpress\/wp-content\/uploads\/2020\/07\/Fototapeta-papirova-hladka-matna-150-g-200x113.jpg 200w, https:\/\/fotonet.cz\/wordpress\/wp-content\/uploads\/2020\/07\/Fototapeta-papirova-hladka-matna-150-g-400x225.jpg 400w, https:\/\/fotonet.cz\/wordpress\/wp-content\/uploads\/2020\/07\/Fototapeta-papirova-hladka-matna-150-g-600x338.jpg 600w, https:\/\/fotonet.cz\/wordpress\/wp-content\/uploads\/2020\/07\/Fototapeta-papirova-hladka-matna-150-g-800x450.jpg 800w, https:\/\/fotonet.cz\/wordpress\/wp-content\/uploads\/2020\/07\/Fototapeta-papirova-hladka-matna-150-g-1200x675.jpg 1200w, https:\/\/fotonet.cz\/wordpress\/wp-content\/uploads\/2020\/07\/Fototapeta-papirova-hladka-matna-150-g.jpg 1920w\" sizes=\"(min-width: 2200px) 100vw, (min-width: 1088px) 204px, (min-width: 976px) 255px, (min-width: 864px) 340px, (min-width: 752px) 510px, (min-width: 640px) 752px, \" \/>\t\t\t<\/a>\n\t\t\t\t\t\t\t<\/div>\n<div class=\"fusion-portfolio-content\" style=\"background-color:rgba(255,255,255,0);\"><h2 class=\"entry-title fusion-post-title\"><a href=\"https:\/\/fotonet.cz\/wordpress\/portfolio-items\/fototapeta-papirova-hladka-matna-150-g\/\">Fototapeta pap\u00edrov\u00e1 hladk\u00e1 matn\u00e1 150 g<\/a><\/h2><div class=\"fusion-post-content\"><\/div><\/div><\/div><\/article><article id=\"portfolio-1-post-14549\" class=\"fusion-portfolio-post tiskove_materialy fusion-col-spacing post-14549\"><div class=\"fusion-portfolio-content-wrapper\" style=\"border:1px solid #3e3e3e;border-bottom-width:3px;background-color:rgba(255,255,255,0);\"><span class=\"vcard rich-snippet-hidden\"><span class=\"fn\"><a href=\"https:\/\/fotonet.cz\/wordpress\/author\/rosenbaum\/\" title=\"P\u0159\u00edsp\u011bvky od Michal Rosenbaum\" rel=\"author\">Michal Rosenbaum<\/a><\/span><\/span><span class=\"updated rich-snippet-hidden\">2022-11-03T13:57:29+01:00<\/span><div  class=\"fusion-image-wrapper\" aria-haspopup=\"true\">\n\t\t\t\t\t\t\t<a href=\"https:\/\/fotonet.cz\/wordpress\/portfolio-items\/fototapeta-vliesova-klasicka-matna-150-g\/\" aria-label=\"Fototapeta vliesov\u00e1 klasick\u00e1 matn\u00e1 150 g\">\n\t\t\t\t\t\t\t<img decoding=\"async\" width=\"1920\" height=\"1080\" src=\"https:\/\/fotonet.cz\/wordpress\/wp-content\/uploads\/2020\/05\/fototapeta_vliesova_klasicka_130g.jpg\" class=\"attachment-full size-full wp-post-image\" alt=\"\" srcset=\"https:\/\/fotonet.cz\/wordpress\/wp-content\/uploads\/2020\/05\/fototapeta_vliesova_klasicka_130g-200x113.jpg 200w, https:\/\/fotonet.cz\/wordpress\/wp-content\/uploads\/2020\/05\/fototapeta_vliesova_klasicka_130g-400x225.jpg 400w, https:\/\/fotonet.cz\/wordpress\/wp-content\/uploads\/2020\/05\/fototapeta_vliesova_klasicka_130g-600x338.jpg 600w, https:\/\/fotonet.cz\/wordpress\/wp-content\/uploads\/2020\/05\/fototapeta_vliesova_klasicka_130g-800x450.jpg 800w, https:\/\/fotonet.cz\/wordpress\/wp-content\/uploads\/2020\/05\/fototapeta_vliesova_klasicka_130g-1200x675.jpg 1200w, https:\/\/fotonet.cz\/wordpress\/wp-content\/uploads\/2020\/05\/fototapeta_vliesova_klasicka_130g.jpg 1920w\" sizes=\"(min-width: 2200px) 100vw, (min-width: 1088px) 204px, (min-width: 976px) 255px, (min-width: 864px) 340px, (min-width: 752px) 510px, (min-width: 640px) 752px, \" \/>\t\t\t<\/a>\n\t\t\t\t\t\t\t<\/div>\n<div class=\"fusion-portfolio-content\" style=\"background-color:rgba(255,255,255,0);\"><h2 class=\"entry-title fusion-post-title\"><a href=\"https:\/\/fotonet.cz\/wordpress\/portfolio-items\/fototapeta-vliesova-klasicka-matna-150-g\/\">Fototapeta vliesov\u00e1 klasick\u00e1 matn\u00e1 150 g<\/a><\/h2><div class=\"fusion-post-content\"><\/div><\/div><\/div><\/article><article id=\"portfolio-1-post-14551\" class=\"fusion-portfolio-post tiskove_materialy fusion-col-spacing post-14551\"><div class=\"fusion-portfolio-content-wrapper\" style=\"border:1px solid #3e3e3e;border-bottom-width:3px;background-color:rgba(255,255,255,0);\"><span class=\"vcard rich-snippet-hidden\"><span class=\"fn\"><a href=\"https:\/\/fotonet.cz\/wordpress\/author\/rosenbaum\/\" title=\"P\u0159\u00edsp\u011bvky od Michal Rosenbaum\" rel=\"author\">Michal Rosenbaum<\/a><\/span><\/span><span class=\"updated rich-snippet-hidden\">2022-11-03T13:58:35+01:00<\/span><div  class=\"fusion-image-wrapper\" aria-haspopup=\"true\">\n\t\t\t\t\t\t\t<a href=\"https:\/\/fotonet.cz\/wordpress\/portfolio-items\/fototapeta-vliesova-hladka-matna\/\" aria-label=\"Fototapeta vliesov\u00e1 hladk\u00e1 matn\u00e1\">\n\t\t\t\t\t\t\t<img decoding=\"async\" width=\"1920\" height=\"1080\" src=\"https:\/\/fotonet.cz\/wordpress\/wp-content\/uploads\/2020\/05\/fototapeta_vliesova_hladka_matna.jpg\" class=\"attachment-full size-full wp-post-image\" alt=\"\" srcset=\"https:\/\/fotonet.cz\/wordpress\/wp-content\/uploads\/2020\/05\/fototapeta_vliesova_hladka_matna-200x113.jpg 200w, https:\/\/fotonet.cz\/wordpress\/wp-content\/uploads\/2020\/05\/fototapeta_vliesova_hladka_matna-400x225.jpg 400w, https:\/\/fotonet.cz\/wordpress\/wp-content\/uploads\/2020\/05\/fototapeta_vliesova_hladka_matna-600x338.jpg 600w, https:\/\/fotonet.cz\/wordpress\/wp-content\/uploads\/2020\/05\/fototapeta_vliesova_hladka_matna-800x450.jpg 800w, https:\/\/fotonet.cz\/wordpress\/wp-content\/uploads\/2020\/05\/fototapeta_vliesova_hladka_matna-1200x675.jpg 1200w, https:\/\/fotonet.cz\/wordpress\/wp-content\/uploads\/2020\/05\/fototapeta_vliesova_hladka_matna.jpg 1920w\" sizes=\"(min-width: 2200px) 100vw, (min-width: 1088px) 204px, (min-width: 976px) 255px, (min-width: 864px) 340px, (min-width: 752px) 510px, (min-width: 640px) 752px, \" \/>\t\t\t<\/a>\n\t\t\t\t\t\t\t<\/div>\n<div class=\"fusion-portfolio-content\" style=\"background-color:rgba(255,255,255,0);\"><h2 class=\"entry-title fusion-post-title\"><a href=\"https:\/\/fotonet.cz\/wordpress\/portfolio-items\/fototapeta-vliesova-hladka-matna\/\">Fototapeta vliesov\u00e1 hladk\u00e1 matn\u00e1<\/a><\/h2><div class=\"fusion-post-content\"><\/div><\/div><\/div><\/article><article id=\"portfolio-1-post-14553\" class=\"fusion-portfolio-post tiskove_materialy fusion-col-spacing post-14553\"><div class=\"fusion-portfolio-content-wrapper\" style=\"border:1px solid #3e3e3e;border-bottom-width:3px;background-color:rgba(255,255,255,0);\"><span class=\"vcard rich-snippet-hidden\"><span class=\"fn\"><a href=\"https:\/\/fotonet.cz\/wordpress\/author\/rosenbaum\/\" title=\"P\u0159\u00edsp\u011bvky od Michal Rosenbaum\" rel=\"author\">Michal Rosenbaum<\/a><\/span><\/span><span class=\"updated rich-snippet-hidden\">2022-11-03T13:59:52+01:00<\/span><div  class=\"fusion-image-wrapper\" aria-haspopup=\"true\">\n\t\t\t\t\t\t\t<a href=\"https:\/\/fotonet.cz\/wordpress\/portfolio-items\/fototapeta-vliesova-stuk\/\" aria-label=\"Fototapeta vliesov\u00e1 \u0161tuk\">\n\t\t\t\t\t\t\t<img decoding=\"async\" width=\"1920\" height=\"1080\" src=\"https:\/\/fotonet.cz\/wordpress\/wp-content\/uploads\/2020\/05\/fototapeta_vliesova_stuk.jpg\" class=\"attachment-full size-full wp-post-image\" alt=\"\" srcset=\"https:\/\/fotonet.cz\/wordpress\/wp-content\/uploads\/2020\/05\/fototapeta_vliesova_stuk-200x113.jpg 200w, https:\/\/fotonet.cz\/wordpress\/wp-content\/uploads\/2020\/05\/fototapeta_vliesova_stuk-400x225.jpg 400w, https:\/\/fotonet.cz\/wordpress\/wp-content\/uploads\/2020\/05\/fototapeta_vliesova_stuk-600x338.jpg 600w, https:\/\/fotonet.cz\/wordpress\/wp-content\/uploads\/2020\/05\/fototapeta_vliesova_stuk-800x450.jpg 800w, https:\/\/fotonet.cz\/wordpress\/wp-content\/uploads\/2020\/05\/fototapeta_vliesova_stuk-1200x675.jpg 1200w, https:\/\/fotonet.cz\/wordpress\/wp-content\/uploads\/2020\/05\/fototapeta_vliesova_stuk.jpg 1920w\" sizes=\"(min-width: 2200px) 100vw, (min-width: 1088px) 204px, (min-width: 976px) 255px, (min-width: 864px) 340px, (min-width: 752px) 510px, (min-width: 640px) 752px, \" \/>\t\t\t<\/a>\n\t\t\t\t\t\t\t<\/div>\n<div class=\"fusion-portfolio-content\" style=\"background-color:rgba(255,255,255,0);\"><h2 class=\"entry-title fusion-post-title\"><a href=\"https:\/\/fotonet.cz\/wordpress\/portfolio-items\/fototapeta-vliesova-stuk\/\">Fototapeta vliesov\u00e1 \u0161tuk<\/a><\/h2><div class=\"fusion-post-content\"><\/div><\/div><\/div><\/article><article id=\"portfolio-1-post-14555\" class=\"fusion-portfolio-post tiskove_materialy fusion-col-spacing post-14555\"><div class=\"fusion-portfolio-content-wrapper\" style=\"border:1px solid #3e3e3e;border-bottom-width:3px;background-color:rgba(255,255,255,0);\"><span class=\"vcard rich-snippet-hidden\"><span class=\"fn\"><a href=\"https:\/\/fotonet.cz\/wordpress\/author\/rosenbaum\/\" title=\"P\u0159\u00edsp\u011bvky od Michal Rosenbaum\" rel=\"author\">Michal Rosenbaum<\/a><\/span><\/span><span class=\"updated rich-snippet-hidden\">2022-11-03T14:04:52+01:00<\/span><div  class=\"fusion-image-wrapper\" aria-haspopup=\"true\">\n\t\t\t\t\t\t\t<a href=\"https:\/\/fotonet.cz\/wordpress\/portfolio-items\/fototapeta-vliesova-platno\/\" aria-label=\"Fototapeta vliesov\u00e1 pl\u00e1tno\">\n\t\t\t\t\t\t\t<img decoding=\"async\" width=\"1920\" height=\"1080\" src=\"https:\/\/fotonet.cz\/wordpress\/wp-content\/uploads\/2020\/05\/fototapeta_vliesova_platno.jpg\" class=\"attachment-full size-full wp-post-image\" alt=\"\" srcset=\"https:\/\/fotonet.cz\/wordpress\/wp-content\/uploads\/2020\/05\/fototapeta_vliesova_platno-200x113.jpg 200w, https:\/\/fotonet.cz\/wordpress\/wp-content\/uploads\/2020\/05\/fototapeta_vliesova_platno-400x225.jpg 400w, https:\/\/fotonet.cz\/wordpress\/wp-content\/uploads\/2020\/05\/fototapeta_vliesova_platno-600x338.jpg 600w, https:\/\/fotonet.cz\/wordpress\/wp-content\/uploads\/2020\/05\/fototapeta_vliesova_platno-800x450.jpg 800w, https:\/\/fotonet.cz\/wordpress\/wp-content\/uploads\/2020\/05\/fototapeta_vliesova_platno-1200x675.jpg 1200w, https:\/\/fotonet.cz\/wordpress\/wp-content\/uploads\/2020\/05\/fototapeta_vliesova_platno.jpg 1920w\" sizes=\"(min-width: 2200px) 100vw, (min-width: 1088px) 204px, (min-width: 976px) 255px, (min-width: 864px) 340px, (min-width: 752px) 510px, (min-width: 640px) 752px, \" \/>\t\t\t<\/a>\n\t\t\t\t\t\t\t<\/div>\n<div class=\"fusion-portfolio-content\" style=\"background-color:rgba(255,255,255,0);\"><h2 class=\"entry-title fusion-post-title\"><a href=\"https:\/\/fotonet.cz\/wordpress\/portfolio-items\/fototapeta-vliesova-platno\/\">Fototapeta vliesov\u00e1 pl\u00e1tno<\/a><\/h2><div class=\"fusion-post-content\"><\/div><\/div><\/div><\/article><article id=\"portfolio-1-post-14557\" class=\"fusion-portfolio-post tiskove_materialy fusion-col-spacing post-14557\"><div class=\"fusion-portfolio-content-wrapper\" style=\"border:1px solid #3e3e3e;border-bottom-width:3px;background-color:rgba(255,255,255,0);\"><span class=\"vcard rich-snippet-hidden\"><span class=\"fn\"><a href=\"https:\/\/fotonet.cz\/wordpress\/author\/rosenbaum\/\" title=\"P\u0159\u00edsp\u011bvky od Michal Rosenbaum\" rel=\"author\">Michal Rosenbaum<\/a><\/span><\/span><span class=\"updated rich-snippet-hidden\">2022-11-03T14:07:09+01:00<\/span><div  class=\"fusion-image-wrapper\" aria-haspopup=\"true\">\n\t\t\t\t\t\t\t<a href=\"https:\/\/fotonet.cz\/wordpress\/portfolio-items\/fototapeta-samolepici-hladka-matna\/\" aria-label=\"Fototapeta samolep\u00edc\u00ed hladk\u00e1 matn\u00e1\">\n\t\t\t\t\t\t\t<img decoding=\"async\" width=\"1920\" height=\"1080\" src=\"https:\/\/fotonet.cz\/wordpress\/wp-content\/uploads\/2020\/05\/fototapeta_samolepici_hladka_matna.jpg\" class=\"attachment-full size-full wp-post-image\" alt=\"\" srcset=\"https:\/\/fotonet.cz\/wordpress\/wp-content\/uploads\/2020\/05\/fototapeta_samolepici_hladka_matna-200x113.jpg 200w, https:\/\/fotonet.cz\/wordpress\/wp-content\/uploads\/2020\/05\/fototapeta_samolepici_hladka_matna-400x225.jpg 400w, https:\/\/fotonet.cz\/wordpress\/wp-content\/uploads\/2020\/05\/fototapeta_samolepici_hladka_matna-600x338.jpg 600w, https:\/\/fotonet.cz\/wordpress\/wp-content\/uploads\/2020\/05\/fototapeta_samolepici_hladka_matna-800x450.jpg 800w, https:\/\/fotonet.cz\/wordpress\/wp-content\/uploads\/2020\/05\/fototapeta_samolepici_hladka_matna-1200x675.jpg 1200w, https:\/\/fotonet.cz\/wordpress\/wp-content\/uploads\/2020\/05\/fototapeta_samolepici_hladka_matna.jpg 1920w\" sizes=\"(min-width: 2200px) 100vw, (min-width: 1088px) 204px, (min-width: 976px) 255px, (min-width: 864px) 340px, (min-width: 752px) 510px, (min-width: 640px) 752px, \" \/>\t\t\t<\/a>\n\t\t\t\t\t\t\t<\/div>\n<div class=\"fusion-portfolio-content\" style=\"background-color:rgba(255,255,255,0);\"><h2 class=\"entry-title fusion-post-title\"><a href=\"https:\/\/fotonet.cz\/wordpress\/portfolio-items\/fototapeta-samolepici-hladka-matna\/\">Fototapeta samolep\u00edc\u00ed hladk\u00e1 matn\u00e1<\/a><\/h2><div class=\"fusion-post-content\"><\/div><\/div><\/div><\/article><article id=\"portfolio-1-post-14559\" class=\"fusion-portfolio-post tiskove_materialy fusion-col-spacing post-14559\"><div class=\"fusion-portfolio-content-wrapper\" style=\"border:1px solid #3e3e3e;border-bottom-width:3px;background-color:rgba(255,255,255,0);\"><span class=\"vcard rich-snippet-hidden\"><span class=\"fn\"><a href=\"https:\/\/fotonet.cz\/wordpress\/author\/rosenbaum\/\" title=\"P\u0159\u00edsp\u011bvky od Michal Rosenbaum\" rel=\"author\">Michal Rosenbaum<\/a><\/span><\/span><span class=\"updated rich-snippet-hidden\">2022-11-03T14:09:09+01:00<\/span><div  class=\"fusion-image-wrapper\" aria-haspopup=\"true\">\n\t\t\t\t\t\t\t<a href=\"https:\/\/fotonet.cz\/wordpress\/portfolio-items\/fototapeta-samolepici-benatsky-stuk\/\" aria-label=\"Fototapeta samolep\u00edc\u00ed ben\u00e1tsk\u00fd \u0161tuk\">\n\t\t\t\t\t\t\t<img decoding=\"async\" width=\"1920\" height=\"1080\" src=\"https:\/\/fotonet.cz\/wordpress\/wp-content\/uploads\/2020\/05\/fototapeta_samolepici_benatsky_stuk.jpg\" class=\"attachment-full size-full wp-post-image\" alt=\"\" srcset=\"https:\/\/fotonet.cz\/wordpress\/wp-content\/uploads\/2020\/05\/fototapeta_samolepici_benatsky_stuk-200x113.jpg 200w, https:\/\/fotonet.cz\/wordpress\/wp-content\/uploads\/2020\/05\/fototapeta_samolepici_benatsky_stuk-400x225.jpg 400w, https:\/\/fotonet.cz\/wordpress\/wp-content\/uploads\/2020\/05\/fototapeta_samolepici_benatsky_stuk-600x338.jpg 600w, https:\/\/fotonet.cz\/wordpress\/wp-content\/uploads\/2020\/05\/fototapeta_samolepici_benatsky_stuk-800x450.jpg 800w, https:\/\/fotonet.cz\/wordpress\/wp-content\/uploads\/2020\/05\/fototapeta_samolepici_benatsky_stuk-1200x675.jpg 1200w, https:\/\/fotonet.cz\/wordpress\/wp-content\/uploads\/2020\/05\/fototapeta_samolepici_benatsky_stuk.jpg 1920w\" sizes=\"(min-width: 2200px) 100vw, (min-width: 1088px) 204px, (min-width: 976px) 255px, (min-width: 864px) 340px, (min-width: 752px) 510px, (min-width: 640px) 752px, \" \/>\t\t\t<\/a>\n\t\t\t\t\t\t\t<\/div>\n<div class=\"fusion-portfolio-content\" style=\"background-color:rgba(255,255,255,0);\"><h2 class=\"entry-title fusion-post-title\"><a href=\"https:\/\/fotonet.cz\/wordpress\/portfolio-items\/fototapeta-samolepici-benatsky-stuk\/\">Fototapeta samolep\u00edc\u00ed ben\u00e1tsk\u00fd \u0161tuk<\/a><\/h2><div class=\"fusion-post-content\"><\/div><\/div><\/div><\/article><article id=\"portfolio-1-post-14561\" class=\"fusion-portfolio-post tiskove_materialy fusion-col-spacing post-14561\"><div class=\"fusion-portfolio-content-wrapper\" style=\"border:1px solid #3e3e3e;border-bottom-width:3px;background-color:rgba(255,255,255,0);\"><span class=\"vcard rich-snippet-hidden\"><span class=\"fn\"><a href=\"https:\/\/fotonet.cz\/wordpress\/author\/rosenbaum\/\" title=\"P\u0159\u00edsp\u011bvky od Michal Rosenbaum\" rel=\"author\">Michal Rosenbaum<\/a><\/span><\/span><span class=\"updated rich-snippet-hidden\">2023-01-02T14:38:57+01:00<\/span><div  class=\"fusion-image-wrapper\" aria-haspopup=\"true\">\n\t\t\t\t\t\t\t<a href=\"https:\/\/fotonet.cz\/wordpress\/portfolio-items\/fototapeta-samolepici-jemne-platno\/\" aria-label=\"Fototapeta samolep\u00edc\u00ed jemn\u00e9 pl\u00e1tno\">\n\t\t\t\t\t\t\t<img decoding=\"async\" width=\"1920\" height=\"1080\" src=\"https:\/\/fotonet.cz\/wordpress\/wp-content\/uploads\/2020\/07\/Fototapeta-samolepici-jemne-platno.jpg\" class=\"attachment-full size-full wp-post-image\" alt=\"\" srcset=\"https:\/\/fotonet.cz\/wordpress\/wp-content\/uploads\/2020\/07\/Fototapeta-samolepici-jemne-platno-200x113.jpg 200w, https:\/\/fotonet.cz\/wordpress\/wp-content\/uploads\/2020\/07\/Fototapeta-samolepici-jemne-platno-400x225.jpg 400w, https:\/\/fotonet.cz\/wordpress\/wp-content\/uploads\/2020\/07\/Fototapeta-samolepici-jemne-platno-600x338.jpg 600w, https:\/\/fotonet.cz\/wordpress\/wp-content\/uploads\/2020\/07\/Fototapeta-samolepici-jemne-platno-800x450.jpg 800w, https:\/\/fotonet.cz\/wordpress\/wp-content\/uploads\/2020\/07\/Fototapeta-samolepici-jemne-platno-1200x675.jpg 1200w, https:\/\/fotonet.cz\/wordpress\/wp-content\/uploads\/2020\/07\/Fototapeta-samolepici-jemne-platno.jpg 1920w\" sizes=\"(min-width: 2200px) 100vw, (min-width: 1088px) 204px, (min-width: 976px) 255px, (min-width: 864px) 340px, (min-width: 752px) 510px, (min-width: 640px) 752px, \" \/>\t\t\t<\/a>\n\t\t\t\t\t\t\t<\/div>\n<div class=\"fusion-portfolio-content\" style=\"background-color:rgba(255,255,255,0);\"><h2 class=\"entry-title fusion-post-title\"><a href=\"https:\/\/fotonet.cz\/wordpress\/portfolio-items\/fototapeta-samolepici-jemne-platno\/\">Fototapeta samolep\u00edc\u00ed jemn\u00e9 pl\u00e1tno<\/a><\/h2><div class=\"fusion-post-content\"><\/div><\/div><\/div><\/article><article id=\"portfolio-1-post-14563\" class=\"fusion-portfolio-post tiskove_materialy fusion-col-spacing post-14563\"><div class=\"fusion-portfolio-content-wrapper\" style=\"border:1px solid #3e3e3e;border-bottom-width:3px;background-color:rgba(255,255,255,0);\"><span class=\"vcard rich-snippet-hidden\"><span class=\"fn\"><a href=\"https:\/\/fotonet.cz\/wordpress\/author\/rosenbaum\/\" title=\"P\u0159\u00edsp\u011bvky od Michal Rosenbaum\" rel=\"author\">Michal Rosenbaum<\/a><\/span><\/span><span class=\"updated rich-snippet-hidden\">2022-11-03T14:14:48+01:00<\/span><div  class=\"fusion-image-wrapper\" aria-haspopup=\"true\">\n\t\t\t\t\t\t\t<a href=\"https:\/\/fotonet.cz\/wordpress\/portfolio-items\/fototapeta-samolepici-textilni\/\" aria-label=\"Fototapeta samolep\u00edc\u00ed textiln\u00ed\">\n\t\t\t\t\t\t\t<img decoding=\"async\" width=\"1920\" height=\"1080\" src=\"https:\/\/fotonet.cz\/wordpress\/wp-content\/uploads\/2020\/05\/fototapeta_textilni_samolepici_244g.jpg\" class=\"attachment-full size-full wp-post-image\" alt=\"\" srcset=\"https:\/\/fotonet.cz\/wordpress\/wp-content\/uploads\/2020\/05\/fototapeta_textilni_samolepici_244g-200x113.jpg 200w, https:\/\/fotonet.cz\/wordpress\/wp-content\/uploads\/2020\/05\/fototapeta_textilni_samolepici_244g-400x225.jpg 400w, https:\/\/fotonet.cz\/wordpress\/wp-content\/uploads\/2020\/05\/fototapeta_textilni_samolepici_244g-600x338.jpg 600w, https:\/\/fotonet.cz\/wordpress\/wp-content\/uploads\/2020\/05\/fototapeta_textilni_samolepici_244g-800x450.jpg 800w, https:\/\/fotonet.cz\/wordpress\/wp-content\/uploads\/2020\/05\/fototapeta_textilni_samolepici_244g-1200x675.jpg 1200w, https:\/\/fotonet.cz\/wordpress\/wp-content\/uploads\/2020\/05\/fototapeta_textilni_samolepici_244g.jpg 1920w\" sizes=\"(min-width: 2200px) 100vw, (min-width: 1088px) 204px, (min-width: 976px) 255px, (min-width: 864px) 340px, (min-width: 752px) 510px, (min-width: 640px) 752px, \" \/>\t\t\t<\/a>\n\t\t\t\t\t\t\t<\/div>\n<div class=\"fusion-portfolio-content\" style=\"background-color:rgba(255,255,255,0);\"><h2 class=\"entry-title fusion-post-title\"><a href=\"https:\/\/fotonet.cz\/wordpress\/portfolio-items\/fototapeta-samolepici-textilni\/\">Fototapeta samolep\u00edc\u00ed textiln\u00ed<\/a><\/h2><div class=\"fusion-post-content\"><\/div><\/div><\/div><\/article><article id=\"portfolio-1-post-13187\" class=\"fusion-portfolio-post tiskove_materialy fusion-col-spacing post-13187\"><div class=\"fusion-portfolio-content-wrapper\" style=\"border:1px solid #3e3e3e;border-bottom-width:3px;background-color:rgba(255,255,255,0);\"><span class=\"vcard rich-snippet-hidden\"><span class=\"fn\"><a href=\"https:\/\/fotonet.cz\/wordpress\/author\/rosenbaum\/\" title=\"P\u0159\u00edsp\u011bvky od Michal Rosenbaum\" rel=\"author\">Michal Rosenbaum<\/a><\/span><\/span><span class=\"updated rich-snippet-hidden\">2022-07-21T11:11:54+02:00<\/span><div  class=\"fusion-image-wrapper\" aria-haspopup=\"true\">\n\t\t\t\t\t\t\t<a href=\"https:\/\/fotonet.cz\/wordpress\/portfolio-items\/platno-umelecke-ancona-ii-370-g\/\" aria-label=\"Pl\u00e1tno um\u011bleck\u00e9 Ancona II 370 g\">\n\t\t\t\t\t\t\t<img decoding=\"async\" width=\"1920\" height=\"1080\" src=\"https:\/\/fotonet.cz\/wordpress\/wp-content\/uploads\/2020\/05\/platno_umelecke_ancona_II_380g.jpg\" class=\"attachment-full size-full wp-post-image\" alt=\"\" srcset=\"https:\/\/fotonet.cz\/wordpress\/wp-content\/uploads\/2020\/05\/platno_umelecke_ancona_II_380g-200x113.jpg 200w, https:\/\/fotonet.cz\/wordpress\/wp-content\/uploads\/2020\/05\/platno_umelecke_ancona_II_380g-400x225.jpg 400w, https:\/\/fotonet.cz\/wordpress\/wp-content\/uploads\/2020\/05\/platno_umelecke_ancona_II_380g-600x338.jpg 600w, https:\/\/fotonet.cz\/wordpress\/wp-content\/uploads\/2020\/05\/platno_umelecke_ancona_II_380g-800x450.jpg 800w, https:\/\/fotonet.cz\/wordpress\/wp-content\/uploads\/2020\/05\/platno_umelecke_ancona_II_380g-1200x675.jpg 1200w, https:\/\/fotonet.cz\/wordpress\/wp-content\/uploads\/2020\/05\/platno_umelecke_ancona_II_380g.jpg 1920w\" sizes=\"(min-width: 2200px) 100vw, (min-width: 1088px) 204px, (min-width: 976px) 255px, (min-width: 864px) 340px, (min-width: 752px) 510px, (min-width: 640px) 752px, \" \/>\t\t\t<\/a>\n\t\t\t\t\t\t\t<\/div>\n<div class=\"fusion-portfolio-content\" style=\"background-color:rgba(255,255,255,0);\"><h2 class=\"entry-title fusion-post-title\"><a href=\"https:\/\/fotonet.cz\/wordpress\/portfolio-items\/platno-umelecke-ancona-ii-370-g\/\">Pl\u00e1tno um\u011bleck\u00e9 Ancona II 370 g<\/a><\/h2><div class=\"fusion-post-content\"><\/div><\/div><\/div><\/article><article id=\"portfolio-1-post-13185\" class=\"fusion-portfolio-post tiskove_materialy fusion-col-spacing post-13185\"><div class=\"fusion-portfolio-content-wrapper\" style=\"border:1px solid #3e3e3e;border-bottom-width:3px;background-color:rgba(255,255,255,0);\"><span class=\"vcard rich-snippet-hidden\"><span class=\"fn\"><a href=\"https:\/\/fotonet.cz\/wordpress\/author\/rosenbaum\/\" title=\"P\u0159\u00edsp\u011bvky od Michal Rosenbaum\" rel=\"author\">Michal Rosenbaum<\/a><\/span><\/span><span class=\"updated rich-snippet-hidden\">2022-07-21T11:16:10+02:00<\/span><div  class=\"fusion-image-wrapper\" aria-haspopup=\"true\">\n\t\t\t\t\t\t\t<a href=\"https:\/\/fotonet.cz\/wordpress\/portfolio-items\/platno-umelecke-roma-350-g\/\" aria-label=\"Pl\u00e1tno um\u011bleck\u00e9 Roma 350 g\">\n\t\t\t\t\t\t\t<img decoding=\"async\" width=\"1920\" height=\"1080\" src=\"https:\/\/fotonet.cz\/wordpress\/wp-content\/uploads\/2020\/05\/platno_umelecke_roma_350g.jpg\" class=\"attachment-full size-full wp-post-image\" alt=\"\" srcset=\"https:\/\/fotonet.cz\/wordpress\/wp-content\/uploads\/2020\/05\/platno_umelecke_roma_350g-200x113.jpg 200w, https:\/\/fotonet.cz\/wordpress\/wp-content\/uploads\/2020\/05\/platno_umelecke_roma_350g-400x225.jpg 400w, https:\/\/fotonet.cz\/wordpress\/wp-content\/uploads\/2020\/05\/platno_umelecke_roma_350g-600x338.jpg 600w, https:\/\/fotonet.cz\/wordpress\/wp-content\/uploads\/2020\/05\/platno_umelecke_roma_350g-800x450.jpg 800w, https:\/\/fotonet.cz\/wordpress\/wp-content\/uploads\/2020\/05\/platno_umelecke_roma_350g-1200x675.jpg 1200w, https:\/\/fotonet.cz\/wordpress\/wp-content\/uploads\/2020\/05\/platno_umelecke_roma_350g.jpg 1920w\" sizes=\"(min-width: 2200px) 100vw, (min-width: 1088px) 204px, (min-width: 976px) 255px, (min-width: 864px) 340px, (min-width: 752px) 510px, (min-width: 640px) 752px, \" \/>\t\t\t<\/a>\n\t\t\t\t\t\t\t<\/div>\n<div class=\"fusion-portfolio-content\" style=\"background-color:rgba(255,255,255,0);\"><h2 class=\"entry-title fusion-post-title\"><a href=\"https:\/\/fotonet.cz\/wordpress\/portfolio-items\/platno-umelecke-roma-350-g\/\">Pl\u00e1tno um\u011bleck\u00e9 Roma 350 g<\/a><\/h2><div class=\"fusion-post-content\"><\/div><\/div><\/div><\/article><article id=\"portfolio-1-post-13189\" class=\"fusion-portfolio-post tiskove_materialy fusion-col-spacing post-13189\"><div class=\"fusion-portfolio-content-wrapper\" style=\"border:1px solid #3e3e3e;border-bottom-width:3px;background-color:rgba(255,255,255,0);\"><span class=\"vcard rich-snippet-hidden\"><span class=\"fn\"><a href=\"https:\/\/fotonet.cz\/wordpress\/author\/rosenbaum\/\" title=\"P\u0159\u00edsp\u011bvky od Michal Rosenbaum\" rel=\"author\">Michal Rosenbaum<\/a><\/span><\/span><span class=\"updated rich-snippet-hidden\">2022-07-21T11:21:42+02:00<\/span><div  class=\"fusion-image-wrapper\" aria-haspopup=\"true\">\n\t\t\t\t\t\t\t<a href=\"https:\/\/fotonet.cz\/wordpress\/portfolio-items\/platno-umelecke-florence-390-g\/\" aria-label=\"Pl\u00e1tno um\u011bleck\u00e9 Florence 390 g\">\n\t\t\t\t\t\t\t<img decoding=\"async\" width=\"1920\" height=\"1080\" src=\"https:\/\/fotonet.cz\/wordpress\/wp-content\/uploads\/2020\/05\/platno_umelecke_florence_390g.jpg\" class=\"attachment-full size-full wp-post-image\" alt=\"\" srcset=\"https:\/\/fotonet.cz\/wordpress\/wp-content\/uploads\/2020\/05\/platno_umelecke_florence_390g-200x113.jpg 200w, https:\/\/fotonet.cz\/wordpress\/wp-content\/uploads\/2020\/05\/platno_umelecke_florence_390g-400x225.jpg 400w, https:\/\/fotonet.cz\/wordpress\/wp-content\/uploads\/2020\/05\/platno_umelecke_florence_390g-600x338.jpg 600w, https:\/\/fotonet.cz\/wordpress\/wp-content\/uploads\/2020\/05\/platno_umelecke_florence_390g-800x450.jpg 800w, https:\/\/fotonet.cz\/wordpress\/wp-content\/uploads\/2020\/05\/platno_umelecke_florence_390g-1200x675.jpg 1200w, https:\/\/fotonet.cz\/wordpress\/wp-content\/uploads\/2020\/05\/platno_umelecke_florence_390g.jpg 1920w\" sizes=\"(min-width: 2200px) 100vw, (min-width: 1088px) 204px, (min-width: 976px) 255px, (min-width: 864px) 340px, (min-width: 752px) 510px, (min-width: 640px) 752px, \" \/>\t\t\t<\/a>\n\t\t\t\t\t\t\t<\/div>\n<div class=\"fusion-portfolio-content\" style=\"background-color:rgba(255,255,255,0);\"><h2 class=\"entry-title fusion-post-title\"><a href=\"https:\/\/fotonet.cz\/wordpress\/portfolio-items\/platno-umelecke-florence-390-g\/\">Pl\u00e1tno um\u011bleck\u00e9 Florence 390 g<\/a><\/h2><div class=\"fusion-post-content\"><\/div><\/div><\/div><\/article><article id=\"portfolio-1-post-13200\" class=\"fusion-portfolio-post tiskove_materialy fusion-col-spacing post-13200\"><div class=\"fusion-portfolio-content-wrapper\" style=\"border:1px solid #3e3e3e;border-bottom-width:3px;background-color:rgba(255,255,255,0);\"><span class=\"vcard rich-snippet-hidden\"><span class=\"fn\"><a href=\"https:\/\/fotonet.cz\/wordpress\/author\/rosenbaum\/\" title=\"P\u0159\u00edsp\u011bvky od Michal Rosenbaum\" rel=\"author\">Michal Rosenbaum<\/a><\/span><\/span><span class=\"updated rich-snippet-hidden\">2020-09-30T13:11:41+02:00<\/span><div  class=\"fusion-image-wrapper\" aria-haspopup=\"true\">\n\t\t\t\t\t\t\t<a href=\"https:\/\/fotonet.cz\/wordpress\/portfolio-items\/backlight-film-250-g\/\" aria-label=\"Backlight film 250 g\">\n\t\t\t\t\t\t\t<img decoding=\"async\" width=\"1920\" height=\"1080\" src=\"https:\/\/fotonet.cz\/wordpress\/wp-content\/uploads\/2020\/05\/backlight.jpg\" class=\"attachment-full size-full wp-post-image\" alt=\"\" srcset=\"https:\/\/fotonet.cz\/wordpress\/wp-content\/uploads\/2020\/05\/backlight-200x113.jpg 200w, https:\/\/fotonet.cz\/wordpress\/wp-content\/uploads\/2020\/05\/backlight-400x225.jpg 400w, https:\/\/fotonet.cz\/wordpress\/wp-content\/uploads\/2020\/05\/backlight-600x338.jpg 600w, https:\/\/fotonet.cz\/wordpress\/wp-content\/uploads\/2020\/05\/backlight-800x450.jpg 800w, https:\/\/fotonet.cz\/wordpress\/wp-content\/uploads\/2020\/05\/backlight-1200x675.jpg 1200w, https:\/\/fotonet.cz\/wordpress\/wp-content\/uploads\/2020\/05\/backlight.jpg 1920w\" sizes=\"(min-width: 2200px) 100vw, (min-width: 1088px) 204px, (min-width: 976px) 255px, (min-width: 864px) 340px, (min-width: 752px) 510px, (min-width: 640px) 752px, \" \/>\t\t\t<\/a>\n\t\t\t\t\t\t\t<\/div>\n<div class=\"fusion-portfolio-content\" style=\"background-color:rgba(255,255,255,0);\"><h2 class=\"entry-title fusion-post-title\"><a href=\"https:\/\/fotonet.cz\/wordpress\/portfolio-items\/backlight-film-250-g\/\">Backlight film 250 g<\/a><\/h2><div class=\"fusion-post-content\"><\/div><\/div><\/div><\/article><article id=\"portfolio-1-post-14527\" class=\"fusion-portfolio-post tiskove_materialy fusion-col-spacing post-14527\"><div class=\"fusion-portfolio-content-wrapper\" style=\"border:1px solid #3e3e3e;border-bottom-width:3px;background-color:rgba(255,255,255,0);\"><span class=\"vcard rich-snippet-hidden\"><span class=\"fn\"><a href=\"https:\/\/fotonet.cz\/wordpress\/author\/rosenbaum\/\" title=\"P\u0159\u00edsp\u011bvky od Michal Rosenbaum\" rel=\"author\">Michal Rosenbaum<\/a><\/span><\/span><span class=\"updated rich-snippet-hidden\">2022-11-03T14:18:30+01:00<\/span><div  class=\"fusion-image-wrapper\" aria-haspopup=\"true\">\n\t\t\t\t\t\t\t<a href=\"https:\/\/fotonet.cz\/wordpress\/portfolio-items\/banner-polypropylenovy-150-g\/\" aria-label=\"Banner polypropylenov\u00fd 150 g\">\n\t\t\t\t\t\t\t<img decoding=\"async\" width=\"1920\" height=\"1080\" src=\"https:\/\/fotonet.cz\/wordpress\/wp-content\/uploads\/2020\/05\/banner_polypropylenovy_130g.jpg\" class=\"attachment-full size-full wp-post-image\" alt=\"\" srcset=\"https:\/\/fotonet.cz\/wordpress\/wp-content\/uploads\/2020\/05\/banner_polypropylenovy_130g-200x113.jpg 200w, https:\/\/fotonet.cz\/wordpress\/wp-content\/uploads\/2020\/05\/banner_polypropylenovy_130g-400x225.jpg 400w, https:\/\/fotonet.cz\/wordpress\/wp-content\/uploads\/2020\/05\/banner_polypropylenovy_130g-600x338.jpg 600w, https:\/\/fotonet.cz\/wordpress\/wp-content\/uploads\/2020\/05\/banner_polypropylenovy_130g-800x450.jpg 800w, https:\/\/fotonet.cz\/wordpress\/wp-content\/uploads\/2020\/05\/banner_polypropylenovy_130g-1200x675.jpg 1200w, https:\/\/fotonet.cz\/wordpress\/wp-content\/uploads\/2020\/05\/banner_polypropylenovy_130g.jpg 1920w\" sizes=\"(min-width: 2200px) 100vw, (min-width: 1088px) 204px, (min-width: 976px) 255px, (min-width: 864px) 340px, (min-width: 752px) 510px, (min-width: 640px) 752px, \" \/>\t\t\t<\/a>\n\t\t\t\t\t\t\t<\/div>\n<div class=\"fusion-portfolio-content\" style=\"background-color:rgba(255,255,255,0);\"><h2 class=\"entry-title fusion-post-title\"><a href=\"https:\/\/fotonet.cz\/wordpress\/portfolio-items\/banner-polypropylenovy-150-g\/\">Banner polypropylenov\u00fd 150 g<\/a><\/h2><div class=\"fusion-post-content\"><\/div><\/div><\/div><\/article><article id=\"portfolio-1-post-13173\" class=\"fusion-portfolio-post tiskove_materialy fusion-col-spacing post-13173\"><div class=\"fusion-portfolio-content-wrapper\" style=\"border:1px solid #3e3e3e;border-bottom-width:3px;background-color:rgba(255,255,255,0);\"><span class=\"vcard rich-snippet-hidden\"><span class=\"fn\"><a href=\"https:\/\/fotonet.cz\/wordpress\/author\/rosenbaum\/\" title=\"P\u0159\u00edsp\u011bvky od Michal Rosenbaum\" rel=\"author\">Michal Rosenbaum<\/a><\/span><\/span><span class=\"updated rich-snippet-hidden\">2022-07-21T11:29:30+02:00<\/span><div  class=\"fusion-image-wrapper\" aria-haspopup=\"true\">\n\t\t\t\t\t\t\t<a href=\"https:\/\/fotonet.cz\/wordpress\/portfolio-items\/textilie-polyesterova-260-g\/\" aria-label=\"Textilie polyesterov\u00e1 260 g\">\n\t\t\t\t\t\t\t<img decoding=\"async\" width=\"1920\" height=\"1080\" src=\"https:\/\/fotonet.cz\/wordpress\/wp-content\/uploads\/2020\/01\/textilie_polyesterova_230g.jpg\" class=\"attachment-full size-full wp-post-image\" alt=\"\" srcset=\"https:\/\/fotonet.cz\/wordpress\/wp-content\/uploads\/2020\/01\/textilie_polyesterova_230g-200x113.jpg 200w, https:\/\/fotonet.cz\/wordpress\/wp-content\/uploads\/2020\/01\/textilie_polyesterova_230g-400x225.jpg 400w, https:\/\/fotonet.cz\/wordpress\/wp-content\/uploads\/2020\/01\/textilie_polyesterova_230g-600x338.jpg 600w, https:\/\/fotonet.cz\/wordpress\/wp-content\/uploads\/2020\/01\/textilie_polyesterova_230g-800x450.jpg 800w, https:\/\/fotonet.cz\/wordpress\/wp-content\/uploads\/2020\/01\/textilie_polyesterova_230g-1200x675.jpg 1200w, https:\/\/fotonet.cz\/wordpress\/wp-content\/uploads\/2020\/01\/textilie_polyesterova_230g.jpg 1920w\" sizes=\"(min-width: 2200px) 100vw, (min-width: 1088px) 204px, (min-width: 976px) 255px, (min-width: 864px) 340px, (min-width: 752px) 510px, (min-width: 640px) 752px, \" \/>\t\t\t<\/a>\n\t\t\t\t\t\t\t<\/div>\n<div class=\"fusion-portfolio-content\" style=\"background-color:rgba(255,255,255,0);\"><h2 class=\"entry-title fusion-post-title\"><a href=\"https:\/\/fotonet.cz\/wordpress\/portfolio-items\/textilie-polyesterova-260-g\/\">Textilie polyesterov\u00e1 260 g<\/a><\/h2><div class=\"fusion-post-content\"><\/div><\/div><\/div><\/article><article id=\"portfolio-1-post-13171\" class=\"fusion-portfolio-post tiskove_materialy fusion-col-spacing post-13171\"><div class=\"fusion-portfolio-content-wrapper\" style=\"border:1px solid #3e3e3e;border-bottom-width:3px;background-color:rgba(255,255,255,0);\"><span class=\"vcard rich-snippet-hidden\"><span class=\"fn\"><a href=\"https:\/\/fotonet.cz\/wordpress\/author\/rosenbaum\/\" title=\"P\u0159\u00edsp\u011bvky od Michal Rosenbaum\" rel=\"author\">Michal Rosenbaum<\/a><\/span><\/span><span class=\"updated rich-snippet-hidden\">2022-07-21T11:32:10+02:00<\/span><div  class=\"fusion-image-wrapper\" aria-haspopup=\"true\">\n\t\t\t\t\t\t\t<a href=\"https:\/\/fotonet.cz\/wordpress\/portfolio-items\/textilie-satenova-110-g\/\" aria-label=\"Textilie sat\u00e9nov\u00e1 110 g\">\n\t\t\t\t\t\t\t<img decoding=\"async\" width=\"1920\" height=\"1080\" src=\"https:\/\/fotonet.cz\/wordpress\/wp-content\/uploads\/2020\/05\/textilie_satenova_110g.jpg\" class=\"attachment-full size-full wp-post-image\" alt=\"\" srcset=\"https:\/\/fotonet.cz\/wordpress\/wp-content\/uploads\/2020\/05\/textilie_satenova_110g-200x113.jpg 200w, https:\/\/fotonet.cz\/wordpress\/wp-content\/uploads\/2020\/05\/textilie_satenova_110g-400x225.jpg 400w, https:\/\/fotonet.cz\/wordpress\/wp-content\/uploads\/2020\/05\/textilie_satenova_110g-600x338.jpg 600w, https:\/\/fotonet.cz\/wordpress\/wp-content\/uploads\/2020\/05\/textilie_satenova_110g-800x450.jpg 800w, https:\/\/fotonet.cz\/wordpress\/wp-content\/uploads\/2020\/05\/textilie_satenova_110g-1200x675.jpg 1200w, https:\/\/fotonet.cz\/wordpress\/wp-content\/uploads\/2020\/05\/textilie_satenova_110g.jpg 1920w\" sizes=\"(min-width: 2200px) 100vw, (min-width: 1088px) 204px, (min-width: 976px) 255px, (min-width: 864px) 340px, (min-width: 752px) 510px, (min-width: 640px) 752px, \" \/>\t\t\t<\/a>\n\t\t\t\t\t\t\t<\/div>\n<div class=\"fusion-portfolio-content\" style=\"background-color:rgba(255,255,255,0);\"><h2 class=\"entry-title fusion-post-title\"><a href=\"https:\/\/fotonet.cz\/wordpress\/portfolio-items\/textilie-satenova-110-g\/\">Textilie sat\u00e9nov\u00e1 110 g<\/a><\/h2><div class=\"fusion-post-content\"><\/div><\/div><\/div><\/article><article id=\"portfolio-1-post-14582\" class=\"fusion-portfolio-post deskove_materialy fusion-col-spacing post-14582\"><div class=\"fusion-portfolio-content-wrapper\" style=\"border:1px solid #3e3e3e;border-bottom-width:3px;background-color:rgba(255,255,255,0);\"><span class=\"vcard rich-snippet-hidden\"><span class=\"fn\"><a href=\"https:\/\/fotonet.cz\/wordpress\/author\/rosenbaum\/\" title=\"P\u0159\u00edsp\u011bvky od Michal Rosenbaum\" rel=\"author\">Michal Rosenbaum<\/a><\/span><\/span><span class=\"updated rich-snippet-hidden\">2022-11-03T14:20:19+01:00<\/span><div  class=\"fusion-image-wrapper\" aria-haspopup=\"true\">\n\t\t\t\t\t\t\t<a href=\"https:\/\/fotonet.cz\/wordpress\/portfolio-items\/penova-deska-bila-5-mm\/\" aria-label=\"P\u011bnov\u00e1 deska b\u00edl\u00e1 5 mm\">\n\t\t\t\t\t\t\t<img decoding=\"async\" width=\"1920\" height=\"1080\" src=\"https:\/\/fotonet.cz\/wordpress\/wp-content\/uploads\/2020\/07\/penova-deska-bila-5-mm-nova.jpg\" class=\"attachment-full size-full wp-post-image\" alt=\"\" srcset=\"https:\/\/fotonet.cz\/wordpress\/wp-content\/uploads\/2020\/07\/penova-deska-bila-5-mm-nova-200x113.jpg 200w, https:\/\/fotonet.cz\/wordpress\/wp-content\/uploads\/2020\/07\/penova-deska-bila-5-mm-nova-400x225.jpg 400w, https:\/\/fotonet.cz\/wordpress\/wp-content\/uploads\/2020\/07\/penova-deska-bila-5-mm-nova-600x338.jpg 600w, https:\/\/fotonet.cz\/wordpress\/wp-content\/uploads\/2020\/07\/penova-deska-bila-5-mm-nova-800x450.jpg 800w, https:\/\/fotonet.cz\/wordpress\/wp-content\/uploads\/2020\/07\/penova-deska-bila-5-mm-nova-1200x675.jpg 1200w, https:\/\/fotonet.cz\/wordpress\/wp-content\/uploads\/2020\/07\/penova-deska-bila-5-mm-nova.jpg 1920w\" sizes=\"(min-width: 2200px) 100vw, (min-width: 1088px) 204px, (min-width: 976px) 255px, (min-width: 864px) 340px, (min-width: 752px) 510px, (min-width: 640px) 752px, \" \/>\t\t\t<\/a>\n\t\t\t\t\t\t\t<\/div>\n<div class=\"fusion-portfolio-content\" style=\"background-color:rgba(255,255,255,0);\"><h2 class=\"entry-title fusion-post-title\"><a href=\"https:\/\/fotonet.cz\/wordpress\/portfolio-items\/penova-deska-bila-5-mm\/\">P\u011bnov\u00e1 deska b\u00edl\u00e1 5 mm<\/a><\/h2><div class=\"fusion-post-content\"><\/div><\/div><\/div><\/article><article id=\"portfolio-1-post-14586\" class=\"fusion-portfolio-post deskove_materialy fusion-col-spacing post-14586\"><div class=\"fusion-portfolio-content-wrapper\" style=\"border:1px solid #3e3e3e;border-bottom-width:3px;background-color:rgba(255,255,255,0);\"><span class=\"vcard rich-snippet-hidden\"><span class=\"fn\"><a href=\"https:\/\/fotonet.cz\/wordpress\/author\/rosenbaum\/\" title=\"P\u0159\u00edsp\u011bvky od Michal Rosenbaum\" rel=\"author\">Michal Rosenbaum<\/a><\/span><\/span><span class=\"updated rich-snippet-hidden\">2022-11-03T14:21:44+01:00<\/span><div  class=\"fusion-image-wrapper\" aria-haspopup=\"true\">\n\t\t\t\t\t\t\t<a href=\"https:\/\/fotonet.cz\/wordpress\/portfolio-items\/penova-deska-cerna-5-mm\/\" aria-label=\"P\u011bnov\u00e1 deska \u010dern\u00e1 5 mm\">\n\t\t\t\t\t\t\t<img decoding=\"async\" width=\"1024\" height=\"576\" src=\"https:\/\/fotonet.cz\/wordpress\/wp-content\/uploads\/2020\/07\/penova_deska_cerna_5mm_240bavlneny_matna_2_novy.jpg\" class=\"attachment-full size-full wp-post-image\" alt=\"\" srcset=\"https:\/\/fotonet.cz\/wordpress\/wp-content\/uploads\/2020\/07\/penova_deska_cerna_5mm_240bavlneny_matna_2_novy-200x113.jpg 200w, https:\/\/fotonet.cz\/wordpress\/wp-content\/uploads\/2020\/07\/penova_deska_cerna_5mm_240bavlneny_matna_2_novy-400x225.jpg 400w, https:\/\/fotonet.cz\/wordpress\/wp-content\/uploads\/2020\/07\/penova_deska_cerna_5mm_240bavlneny_matna_2_novy-600x338.jpg 600w, https:\/\/fotonet.cz\/wordpress\/wp-content\/uploads\/2020\/07\/penova_deska_cerna_5mm_240bavlneny_matna_2_novy-800x450.jpg 800w, https:\/\/fotonet.cz\/wordpress\/wp-content\/uploads\/2020\/07\/penova_deska_cerna_5mm_240bavlneny_matna_2_novy.jpg 1024w\" sizes=\"(min-width: 2200px) 100vw, (min-width: 1088px) 204px, (min-width: 976px) 255px, (min-width: 864px) 340px, (min-width: 752px) 510px, (min-width: 640px) 752px, \" \/>\t\t\t<\/a>\n\t\t\t\t\t\t\t<\/div>\n<div class=\"fusion-portfolio-content\" style=\"background-color:rgba(255,255,255,0);\"><h2 class=\"entry-title fusion-post-title\"><a href=\"https:\/\/fotonet.cz\/wordpress\/portfolio-items\/penova-deska-cerna-5-mm\/\">P\u011bnov\u00e1 deska \u010dern\u00e1 5 mm<\/a><\/h2><div class=\"fusion-post-content\"><\/div><\/div><\/div><\/article><article id=\"portfolio-1-post-14584\" class=\"fusion-portfolio-post deskove_materialy fusion-col-spacing post-14584\"><div class=\"fusion-portfolio-content-wrapper\" style=\"border:1px solid #3e3e3e;border-bottom-width:3px;background-color:rgba(255,255,255,0);\"><span class=\"vcard rich-snippet-hidden\"><span class=\"fn\"><a href=\"https:\/\/fotonet.cz\/wordpress\/author\/rosenbaum\/\" title=\"P\u0159\u00edsp\u011bvky od Michal Rosenbaum\" rel=\"author\">Michal Rosenbaum<\/a><\/span><\/span><span class=\"updated rich-snippet-hidden\">2022-11-03T14:24:02+01:00<\/span><div  class=\"fusion-image-wrapper\" aria-haspopup=\"true\">\n\t\t\t\t\t\t\t<a href=\"https:\/\/fotonet.cz\/wordpress\/portfolio-items\/penova-deska-bila-tvrzena-5-mm\/\" aria-label=\"P\u011bnov\u00e1 deska b\u00edl\u00e1 tvrzen\u00e1 5 mm\">\n\t\t\t\t\t\t\t<img decoding=\"async\" width=\"1024\" height=\"576\" src=\"https:\/\/fotonet.cz\/wordpress\/wp-content\/uploads\/2020\/07\/PENOVA-DESKA-BILA-TVRZENA-5-mm.jpg\" class=\"attachment-full size-full wp-post-image\" alt=\"\" srcset=\"https:\/\/fotonet.cz\/wordpress\/wp-content\/uploads\/2020\/07\/PENOVA-DESKA-BILA-TVRZENA-5-mm-200x113.jpg 200w, https:\/\/fotonet.cz\/wordpress\/wp-content\/uploads\/2020\/07\/PENOVA-DESKA-BILA-TVRZENA-5-mm-400x225.jpg 400w, https:\/\/fotonet.cz\/wordpress\/wp-content\/uploads\/2020\/07\/PENOVA-DESKA-BILA-TVRZENA-5-mm-600x338.jpg 600w, https:\/\/fotonet.cz\/wordpress\/wp-content\/uploads\/2020\/07\/PENOVA-DESKA-BILA-TVRZENA-5-mm-800x450.jpg 800w, https:\/\/fotonet.cz\/wordpress\/wp-content\/uploads\/2020\/07\/PENOVA-DESKA-BILA-TVRZENA-5-mm.jpg 1024w\" sizes=\"(min-width: 2200px) 100vw, (min-width: 1088px) 204px, (min-width: 976px) 255px, (min-width: 864px) 340px, (min-width: 752px) 510px, (min-width: 640px) 752px, \" \/>\t\t\t<\/a>\n\t\t\t\t\t\t\t<\/div>\n<div class=\"fusion-portfolio-content\" style=\"background-color:rgba(255,255,255,0);\"><h2 class=\"entry-title fusion-post-title\"><a href=\"https:\/\/fotonet.cz\/wordpress\/portfolio-items\/penova-deska-bila-tvrzena-5-mm\/\">P\u011bnov\u00e1 deska b\u00edl\u00e1 tvrzen\u00e1 5 mm<\/a><\/h2><div class=\"fusion-post-content\"><\/div><\/div><\/div><\/article><article id=\"portfolio-1-post-14588\" class=\"fusion-portfolio-post deskove_materialy fusion-col-spacing post-14588\"><div class=\"fusion-portfolio-content-wrapper\" style=\"border:1px solid #3e3e3e;border-bottom-width:3px;background-color:rgba(255,255,255,0);\"><span class=\"vcard rich-snippet-hidden\"><span class=\"fn\"><a href=\"https:\/\/fotonet.cz\/wordpress\/author\/rosenbaum\/\" title=\"P\u0159\u00edsp\u011bvky od Michal Rosenbaum\" rel=\"author\">Michal Rosenbaum<\/a><\/span><\/span><span class=\"updated rich-snippet-hidden\">2022-11-03T14:25:13+01:00<\/span><div  class=\"fusion-image-wrapper\" aria-haspopup=\"true\">\n\t\t\t\t\t\t\t<a href=\"https:\/\/fotonet.cz\/wordpress\/portfolio-items\/plastova-penova-deska-bila-10-mm\/\" aria-label=\"Plastov\u00e1 p\u011bnov\u00e1 deska b\u00edl\u00e1 10 mm\">\n\t\t\t\t\t\t\t<img decoding=\"async\" width=\"1920\" height=\"1080\" src=\"https:\/\/fotonet.cz\/wordpress\/wp-content\/uploads\/2020\/07\/penova_deska_bila_5mm_ancona_leskla_nova.jpg\" class=\"attachment-full size-full wp-post-image\" alt=\"\" srcset=\"https:\/\/fotonet.cz\/wordpress\/wp-content\/uploads\/2020\/07\/penova_deska_bila_5mm_ancona_leskla_nova-200x113.jpg 200w, https:\/\/fotonet.cz\/wordpress\/wp-content\/uploads\/2020\/07\/penova_deska_bila_5mm_ancona_leskla_nova-400x225.jpg 400w, https:\/\/fotonet.cz\/wordpress\/wp-content\/uploads\/2020\/07\/penova_deska_bila_5mm_ancona_leskla_nova-600x338.jpg 600w, https:\/\/fotonet.cz\/wordpress\/wp-content\/uploads\/2020\/07\/penova_deska_bila_5mm_ancona_leskla_nova-800x450.jpg 800w, https:\/\/fotonet.cz\/wordpress\/wp-content\/uploads\/2020\/07\/penova_deska_bila_5mm_ancona_leskla_nova-1200x675.jpg 1200w, https:\/\/fotonet.cz\/wordpress\/wp-content\/uploads\/2020\/07\/penova_deska_bila_5mm_ancona_leskla_nova.jpg 1920w\" sizes=\"(min-width: 2200px) 100vw, (min-width: 1088px) 204px, (min-width: 976px) 255px, (min-width: 864px) 340px, (min-width: 752px) 510px, (min-width: 640px) 752px, \" \/>\t\t\t<\/a>\n\t\t\t\t\t\t\t<\/div>\n<div class=\"fusion-portfolio-content\" style=\"background-color:rgba(255,255,255,0);\"><h2 class=\"entry-title fusion-post-title\"><a href=\"https:\/\/fotonet.cz\/wordpress\/portfolio-items\/plastova-penova-deska-bila-10-mm\/\">Plastov\u00e1 p\u011bnov\u00e1 deska b\u00edl\u00e1 10 mm<\/a><\/h2><div class=\"fusion-post-content\"><\/div><\/div><\/div><\/article><article id=\"portfolio-1-post-14590\" class=\"fusion-portfolio-post deskove_materialy fusion-col-spacing post-14590\"><div class=\"fusion-portfolio-content-wrapper\" style=\"border:1px solid #3e3e3e;border-bottom-width:3px;background-color:rgba(255,255,255,0);\"><span class=\"vcard rich-snippet-hidden\"><span class=\"fn\"><a href=\"https:\/\/fotonet.cz\/wordpress\/author\/rosenbaum\/\" title=\"P\u0159\u00edsp\u011bvky od Michal Rosenbaum\" rel=\"author\">Michal Rosenbaum<\/a><\/span><\/span><span class=\"updated rich-snippet-hidden\">2022-11-03T14:27:02+01:00<\/span><div  class=\"fusion-image-wrapper\" aria-haspopup=\"true\">\n\t\t\t\t\t\t\t<a href=\"https:\/\/fotonet.cz\/wordpress\/portfolio-items\/pvc-deska-bila-3-mm\/\" aria-label=\"PVC deska b\u00edl\u00e1 3 mm\">\n\t\t\t\t\t\t\t<img decoding=\"async\" width=\"1024\" height=\"576\" src=\"https:\/\/fotonet.cz\/wordpress\/wp-content\/uploads\/2020\/07\/pvc_deska_cerna_3mm_200satin_pololeskla_2_nove.jpg\" class=\"attachment-full size-full wp-post-image\" alt=\"\" srcset=\"https:\/\/fotonet.cz\/wordpress\/wp-content\/uploads\/2020\/07\/pvc_deska_cerna_3mm_200satin_pololeskla_2_nove-200x113.jpg 200w, https:\/\/fotonet.cz\/wordpress\/wp-content\/uploads\/2020\/07\/pvc_deska_cerna_3mm_200satin_pololeskla_2_nove-400x225.jpg 400w, https:\/\/fotonet.cz\/wordpress\/wp-content\/uploads\/2020\/07\/pvc_deska_cerna_3mm_200satin_pololeskla_2_nove-600x338.jpg 600w, https:\/\/fotonet.cz\/wordpress\/wp-content\/uploads\/2020\/07\/pvc_deska_cerna_3mm_200satin_pololeskla_2_nove-800x450.jpg 800w, https:\/\/fotonet.cz\/wordpress\/wp-content\/uploads\/2020\/07\/pvc_deska_cerna_3mm_200satin_pololeskla_2_nove.jpg 1024w\" sizes=\"(min-width: 2200px) 100vw, (min-width: 1088px) 204px, (min-width: 976px) 255px, (min-width: 864px) 340px, (min-width: 752px) 510px, (min-width: 640px) 752px, \" \/>\t\t\t<\/a>\n\t\t\t\t\t\t\t<\/div>\n<div class=\"fusion-portfolio-content\" style=\"background-color:rgba(255,255,255,0);\"><h2 class=\"entry-title fusion-post-title\"><a href=\"https:\/\/fotonet.cz\/wordpress\/portfolio-items\/pvc-deska-bila-3-mm\/\">PVC deska b\u00edl\u00e1 3 mm<\/a><\/h2><div class=\"fusion-post-content\"><\/div><\/div><\/div><\/article><article id=\"portfolio-1-post-14592\" class=\"fusion-portfolio-post deskove_materialy fusion-col-spacing post-14592\"><div class=\"fusion-portfolio-content-wrapper\" style=\"border:1px solid #3e3e3e;border-bottom-width:3px;background-color:rgba(255,255,255,0);\"><span class=\"vcard rich-snippet-hidden\"><span class=\"fn\"><a href=\"https:\/\/fotonet.cz\/wordpress\/author\/rosenbaum\/\" title=\"P\u0159\u00edsp\u011bvky od Michal Rosenbaum\" rel=\"author\">Michal Rosenbaum<\/a><\/span><\/span><span class=\"updated rich-snippet-hidden\">2022-11-03T14:28:37+01:00<\/span><div  class=\"fusion-image-wrapper\" aria-haspopup=\"true\">\n\t\t\t\t\t\t\t<a href=\"https:\/\/fotonet.cz\/wordpress\/portfolio-items\/pvc-deska-cerna-3-mm\/\" aria-label=\"PVC deska \u010dern\u00e1 3 mm\">\n\t\t\t\t\t\t\t<img decoding=\"async\" width=\"2560\" height=\"1440\" src=\"https:\/\/fotonet.cz\/wordpress\/wp-content\/uploads\/2020\/07\/Dibond-3mm_ilustr_1920x1080-nova-scaled.jpg\" class=\"attachment-full size-full wp-post-image\" alt=\"\" srcset=\"https:\/\/fotonet.cz\/wordpress\/wp-content\/uploads\/2020\/07\/Dibond-3mm_ilustr_1920x1080-nova-200x113.jpg 200w, https:\/\/fotonet.cz\/wordpress\/wp-content\/uploads\/2020\/07\/Dibond-3mm_ilustr_1920x1080-nova-400x225.jpg 400w, https:\/\/fotonet.cz\/wordpress\/wp-content\/uploads\/2020\/07\/Dibond-3mm_ilustr_1920x1080-nova-600x338.jpg 600w, https:\/\/fotonet.cz\/wordpress\/wp-content\/uploads\/2020\/07\/Dibond-3mm_ilustr_1920x1080-nova-800x450.jpg 800w, https:\/\/fotonet.cz\/wordpress\/wp-content\/uploads\/2020\/07\/Dibond-3mm_ilustr_1920x1080-nova-1200x675.jpg 1200w, https:\/\/fotonet.cz\/wordpress\/wp-content\/uploads\/2020\/07\/Dibond-3mm_ilustr_1920x1080-nova-scaled.jpg 2560w\" sizes=\"(min-width: 2200px) 100vw, (min-width: 1088px) 204px, (min-width: 976px) 255px, (min-width: 864px) 340px, (min-width: 752px) 510px, (min-width: 640px) 752px, \" \/>\t\t\t<\/a>\n\t\t\t\t\t\t\t<\/div>\n<div class=\"fusion-portfolio-content\" style=\"background-color:rgba(255,255,255,0);\"><h2 class=\"entry-title fusion-post-title\"><a href=\"https:\/\/fotonet.cz\/wordpress\/portfolio-items\/pvc-deska-cerna-3-mm\/\">PVC deska \u010dern\u00e1 3 mm<\/a><\/h2><div class=\"fusion-post-content\"><\/div><\/div><\/div><\/article><article id=\"portfolio-1-post-14594\" class=\"fusion-portfolio-post deskove_materialy fusion-col-spacing post-14594\"><div class=\"fusion-portfolio-content-wrapper\" style=\"border:1px solid #3e3e3e;border-bottom-width:3px;background-color:rgba(255,255,255,0);\"><span class=\"vcard rich-snippet-hidden\"><span class=\"fn\"><a href=\"https:\/\/fotonet.cz\/wordpress\/author\/rosenbaum\/\" title=\"P\u0159\u00edsp\u011bvky od Michal Rosenbaum\" rel=\"author\">Michal Rosenbaum<\/a><\/span><\/span><span class=\"updated rich-snippet-hidden\">2022-11-03T14:29:51+01:00<\/span><div  class=\"fusion-image-wrapper\" aria-haspopup=\"true\">\n\t\t\t\t\t\t\t<a href=\"https:\/\/fotonet.cz\/wordpress\/portfolio-items\/pvc-deska-bila-5-mm\/\" aria-label=\"PVC deska b\u00edl\u00e1 5 mm\">\n\t\t\t\t\t\t\t<img decoding=\"async\" width=\"1024\" height=\"576\" src=\"https:\/\/fotonet.cz\/wordpress\/wp-content\/uploads\/2020\/07\/pvc_deska_cerna_5mm_200satin_pololeskla_2.jpg\" class=\"attachment-full size-full wp-post-image\" alt=\"\" srcset=\"https:\/\/fotonet.cz\/wordpress\/wp-content\/uploads\/2020\/07\/pvc_deska_cerna_5mm_200satin_pololeskla_2-200x113.jpg 200w, https:\/\/fotonet.cz\/wordpress\/wp-content\/uploads\/2020\/07\/pvc_deska_cerna_5mm_200satin_pololeskla_2-400x225.jpg 400w, https:\/\/fotonet.cz\/wordpress\/wp-content\/uploads\/2020\/07\/pvc_deska_cerna_5mm_200satin_pololeskla_2-600x338.jpg 600w, https:\/\/fotonet.cz\/wordpress\/wp-content\/uploads\/2020\/07\/pvc_deska_cerna_5mm_200satin_pololeskla_2-800x450.jpg 800w, https:\/\/fotonet.cz\/wordpress\/wp-content\/uploads\/2020\/07\/pvc_deska_cerna_5mm_200satin_pololeskla_2.jpg 1024w\" sizes=\"(min-width: 2200px) 100vw, (min-width: 1088px) 204px, (min-width: 976px) 255px, (min-width: 864px) 340px, (min-width: 752px) 510px, (min-width: 640px) 752px, \" \/>\t\t\t<\/a>\n\t\t\t\t\t\t\t<\/div>\n<div class=\"fusion-portfolio-content\" style=\"background-color:rgba(255,255,255,0);\"><h2 class=\"entry-title fusion-post-title\"><a href=\"https:\/\/fotonet.cz\/wordpress\/portfolio-items\/pvc-deska-bila-5-mm\/\">PVC deska b\u00edl\u00e1 5 mm<\/a><\/h2><div class=\"fusion-post-content\"><\/div><\/div><\/div><\/article><article id=\"portfolio-1-post-14596\" class=\"fusion-portfolio-post deskove_materialy fusion-col-spacing post-14596\"><div class=\"fusion-portfolio-content-wrapper\" style=\"border:1px solid #3e3e3e;border-bottom-width:3px;background-color:rgba(255,255,255,0);\"><span class=\"vcard rich-snippet-hidden\"><span class=\"fn\"><a href=\"https:\/\/fotonet.cz\/wordpress\/author\/rosenbaum\/\" title=\"P\u0159\u00edsp\u011bvky od Michal Rosenbaum\" rel=\"author\">Michal Rosenbaum<\/a><\/span><\/span><span class=\"updated rich-snippet-hidden\">2022-11-03T14:31:10+01:00<\/span><div  class=\"fusion-image-wrapper\" aria-haspopup=\"true\">\n\t\t\t\t\t\t\t<a href=\"https:\/\/fotonet.cz\/wordpress\/portfolio-items\/hlinikova-sendvicova-deska-bila-3-mm\/\" aria-label=\"Hlin\u00edkov\u00e1 sendvi\u010dov\u00e1 deska b\u00edl\u00e1 3 mm\">\n\t\t\t\t\t\t\t<img decoding=\"async\" width=\"1920\" height=\"1080\" src=\"https:\/\/fotonet.cz\/wordpress\/wp-content\/uploads\/2020\/07\/ilustracni_fotografie.jpg\" class=\"attachment-full size-full wp-post-image\" alt=\"\" srcset=\"https:\/\/fotonet.cz\/wordpress\/wp-content\/uploads\/2020\/07\/ilustracni_fotografie-200x113.jpg 200w, https:\/\/fotonet.cz\/wordpress\/wp-content\/uploads\/2020\/07\/ilustracni_fotografie-400x225.jpg 400w, https:\/\/fotonet.cz\/wordpress\/wp-content\/uploads\/2020\/07\/ilustracni_fotografie-600x338.jpg 600w, https:\/\/fotonet.cz\/wordpress\/wp-content\/uploads\/2020\/07\/ilustracni_fotografie-800x450.jpg 800w, https:\/\/fotonet.cz\/wordpress\/wp-content\/uploads\/2020\/07\/ilustracni_fotografie-1200x675.jpg 1200w, https:\/\/fotonet.cz\/wordpress\/wp-content\/uploads\/2020\/07\/ilustracni_fotografie.jpg 1920w\" sizes=\"(min-width: 2200px) 100vw, (min-width: 1088px) 204px, (min-width: 976px) 255px, (min-width: 864px) 340px, (min-width: 752px) 510px, (min-width: 640px) 752px, \" \/>\t\t\t<\/a>\n\t\t\t\t\t\t\t<\/div>\n<div class=\"fusion-portfolio-content\" style=\"background-color:rgba(255,255,255,0);\"><h2 class=\"entry-title fusion-post-title\"><a href=\"https:\/\/fotonet.cz\/wordpress\/portfolio-items\/hlinikova-sendvicova-deska-bila-3-mm\/\">Hlin\u00edkov\u00e1 sendvi\u010dov\u00e1 deska b\u00edl\u00e1 3 mm<\/a><\/h2><div class=\"fusion-post-content\"><\/div><\/div><\/div><\/article><article id=\"portfolio-1-post-14602\" class=\"fusion-portfolio-post deskove_materialy fusion-col-spacing post-14602\"><div class=\"fusion-portfolio-content-wrapper\" style=\"border:1px solid #3e3e3e;border-bottom-width:3px;background-color:rgba(255,255,255,0);\"><span class=\"vcard rich-snippet-hidden\"><span class=\"fn\"><a href=\"https:\/\/fotonet.cz\/wordpress\/author\/rosenbaum\/\" title=\"P\u0159\u00edsp\u011bvky od Michal Rosenbaum\" rel=\"author\">Michal Rosenbaum<\/a><\/span><\/span><span class=\"updated rich-snippet-hidden\">2022-11-03T14:32:46+01:00<\/span><div  class=\"fusion-image-wrapper\" aria-haspopup=\"true\">\n\t\t\t\t\t\t\t<a href=\"https:\/\/fotonet.cz\/wordpress\/portfolio-items\/akrylatove-sklo-4-mm\/\" aria-label=\"Akryl\u00e1tov\u00e9 sklo 4 mm\">\n\t\t\t\t\t\t\t<img decoding=\"async\" width=\"1920\" height=\"1080\" src=\"https:\/\/fotonet.cz\/wordpress\/wp-content\/uploads\/2020\/07\/akrylatove_sklo_8mm_nove.jpg\" class=\"attachment-full size-full wp-post-image\" alt=\"\" srcset=\"https:\/\/fotonet.cz\/wordpress\/wp-content\/uploads\/2020\/07\/akrylatove_sklo_8mm_nove-200x113.jpg 200w, https:\/\/fotonet.cz\/wordpress\/wp-content\/uploads\/2020\/07\/akrylatove_sklo_8mm_nove-400x225.jpg 400w, https:\/\/fotonet.cz\/wordpress\/wp-content\/uploads\/2020\/07\/akrylatove_sklo_8mm_nove-600x338.jpg 600w, https:\/\/fotonet.cz\/wordpress\/wp-content\/uploads\/2020\/07\/akrylatove_sklo_8mm_nove-800x450.jpg 800w, https:\/\/fotonet.cz\/wordpress\/wp-content\/uploads\/2020\/07\/akrylatove_sklo_8mm_nove-1200x675.jpg 1200w, https:\/\/fotonet.cz\/wordpress\/wp-content\/uploads\/2020\/07\/akrylatove_sklo_8mm_nove.jpg 1920w\" sizes=\"(min-width: 2200px) 100vw, (min-width: 1088px) 204px, (min-width: 976px) 255px, (min-width: 864px) 340px, (min-width: 752px) 510px, (min-width: 640px) 752px, \" \/>\t\t\t<\/a>\n\t\t\t\t\t\t\t<\/div>\n<div class=\"fusion-portfolio-content\" style=\"background-color:rgba(255,255,255,0);\"><h2 class=\"entry-title fusion-post-title\"><a href=\"https:\/\/fotonet.cz\/wordpress\/portfolio-items\/akrylatove-sklo-4-mm\/\">Akryl\u00e1tov\u00e9 sklo 4 mm<\/a><\/h2><div class=\"fusion-post-content\"><\/div><\/div><\/div><\/article><article id=\"portfolio-1-post-14604\" class=\"fusion-portfolio-post deskove_materialy fusion-col-spacing post-14604\"><div class=\"fusion-portfolio-content-wrapper\" style=\"border:1px solid #3e3e3e;border-bottom-width:3px;background-color:rgba(255,255,255,0);\"><span class=\"vcard rich-snippet-hidden\"><span class=\"fn\"><a href=\"https:\/\/fotonet.cz\/wordpress\/author\/rosenbaum\/\" title=\"P\u0159\u00edsp\u011bvky od Michal Rosenbaum\" rel=\"author\">Michal Rosenbaum<\/a><\/span><\/span><span class=\"updated rich-snippet-hidden\">2022-11-03T14:34:23+01:00<\/span><div  class=\"fusion-image-wrapper\" aria-haspopup=\"true\">\n\t\t\t\t\t\t\t<a href=\"https:\/\/fotonet.cz\/wordpress\/portfolio-items\/akrylatove-sklo-6-mm\/\" aria-label=\"Akryl\u00e1tov\u00e9 sklo 6 mm\">\n\t\t\t\t\t\t\t<img decoding=\"async\" width=\"1920\" height=\"1080\" src=\"https:\/\/fotonet.cz\/wordpress\/wp-content\/uploads\/2020\/07\/akrylatove_sklo_6mm_nove.jpg\" class=\"attachment-full size-full wp-post-image\" alt=\"\" srcset=\"https:\/\/fotonet.cz\/wordpress\/wp-content\/uploads\/2020\/07\/akrylatove_sklo_6mm_nove-200x113.jpg 200w, https:\/\/fotonet.cz\/wordpress\/wp-content\/uploads\/2020\/07\/akrylatove_sklo_6mm_nove-400x225.jpg 400w, https:\/\/fotonet.cz\/wordpress\/wp-content\/uploads\/2020\/07\/akrylatove_sklo_6mm_nove-600x338.jpg 600w, https:\/\/fotonet.cz\/wordpress\/wp-content\/uploads\/2020\/07\/akrylatove_sklo_6mm_nove-800x450.jpg 800w, https:\/\/fotonet.cz\/wordpress\/wp-content\/uploads\/2020\/07\/akrylatove_sklo_6mm_nove-1200x675.jpg 1200w, https:\/\/fotonet.cz\/wordpress\/wp-content\/uploads\/2020\/07\/akrylatove_sklo_6mm_nove.jpg 1920w\" sizes=\"(min-width: 2200px) 100vw, (min-width: 1088px) 204px, (min-width: 976px) 255px, (min-width: 864px) 340px, (min-width: 752px) 510px, (min-width: 640px) 752px, \" \/>\t\t\t<\/a>\n\t\t\t\t\t\t\t<\/div>\n<div class=\"fusion-portfolio-content\" style=\"background-color:rgba(255,255,255,0);\"><h2 class=\"entry-title fusion-post-title\"><a href=\"https:\/\/fotonet.cz\/wordpress\/portfolio-items\/akrylatove-sklo-6-mm\/\">Akryl\u00e1tov\u00e9 sklo 6 mm<\/a><\/h2><div class=\"fusion-post-content\"><\/div><\/div><\/div><\/article><article id=\"portfolio-1-post-14606\" class=\"fusion-portfolio-post deskove_materialy fusion-col-spacing post-14606\"><div class=\"fusion-portfolio-content-wrapper\" style=\"border:1px solid #3e3e3e;border-bottom-width:3px;background-color:rgba(255,255,255,0);\"><span class=\"vcard rich-snippet-hidden\"><span class=\"fn\"><a href=\"https:\/\/fotonet.cz\/wordpress\/author\/rosenbaum\/\" title=\"P\u0159\u00edsp\u011bvky od Michal Rosenbaum\" rel=\"author\">Michal Rosenbaum<\/a><\/span><\/span><span class=\"updated rich-snippet-hidden\">2022-11-03T14:37:53+01:00<\/span><div  class=\"fusion-image-wrapper\" aria-haspopup=\"true\">\n\t\t\t\t\t\t\t<a href=\"https:\/\/fotonet.cz\/wordpress\/portfolio-items\/akrylatove-sklo-8-mm\/\" aria-label=\"Akryl\u00e1tov\u00e9 sklo 8 mm\">\n\t\t\t\t\t\t\t<img decoding=\"async\" width=\"1920\" height=\"1080\" src=\"https:\/\/fotonet.cz\/wordpress\/wp-content\/uploads\/2020\/07\/akrylatove_sklo_8mm_nove-1.jpg\" class=\"attachment-full size-full wp-post-image\" alt=\"\" srcset=\"https:\/\/fotonet.cz\/wordpress\/wp-content\/uploads\/2020\/07\/akrylatove_sklo_8mm_nove-1-200x113.jpg 200w, https:\/\/fotonet.cz\/wordpress\/wp-content\/uploads\/2020\/07\/akrylatove_sklo_8mm_nove-1-400x225.jpg 400w, https:\/\/fotonet.cz\/wordpress\/wp-content\/uploads\/2020\/07\/akrylatove_sklo_8mm_nove-1-600x338.jpg 600w, https:\/\/fotonet.cz\/wordpress\/wp-content\/uploads\/2020\/07\/akrylatove_sklo_8mm_nove-1-800x450.jpg 800w, https:\/\/fotonet.cz\/wordpress\/wp-content\/uploads\/2020\/07\/akrylatove_sklo_8mm_nove-1-1200x675.jpg 1200w, https:\/\/fotonet.cz\/wordpress\/wp-content\/uploads\/2020\/07\/akrylatove_sklo_8mm_nove-1.jpg 1920w\" sizes=\"(min-width: 2200px) 100vw, (min-width: 1088px) 204px, (min-width: 976px) 255px, (min-width: 864px) 340px, (min-width: 752px) 510px, (min-width: 640px) 752px, \" \/>\t\t\t<\/a>\n\t\t\t\t\t\t\t<\/div>\n<div class=\"fusion-portfolio-content\" style=\"background-color:rgba(255,255,255,0);\"><h2 class=\"entry-title fusion-post-title\"><a href=\"https:\/\/fotonet.cz\/wordpress\/portfolio-items\/akrylatove-sklo-8-mm\/\">Akryl\u00e1tov\u00e9 sklo 8 mm<\/a><\/h2><div class=\"fusion-post-content\"><\/div><\/div><\/div><\/article><article id=\"portfolio-1-post-14574\" class=\"fusion-portfolio-post deskove_materialy fusion-col-spacing post-14574\"><div class=\"fusion-portfolio-content-wrapper\" style=\"border:1px solid #3e3e3e;border-bottom-width:3px;background-color:rgba(255,255,255,0);\"><span class=\"vcard rich-snippet-hidden\"><span class=\"fn\"><a href=\"https:\/\/fotonet.cz\/wordpress\/author\/rosenbaum\/\" title=\"P\u0159\u00edsp\u011bvky od Michal Rosenbaum\" rel=\"author\">Michal Rosenbaum<\/a><\/span><\/span><span class=\"updated rich-snippet-hidden\">2022-11-03T14:39:50+01:00<\/span><div  class=\"fusion-image-wrapper\" aria-haspopup=\"true\">\n\t\t\t\t\t\t\t<a href=\"https:\/\/fotonet.cz\/wordpress\/portfolio-items\/magneticka-folie\/\" aria-label=\"Magnetick\u00e1 f\u00f3lie\">\n\t\t\t\t\t\t\t<img decoding=\"async\" width=\"1920\" height=\"1080\" src=\"https:\/\/fotonet.cz\/wordpress\/wp-content\/uploads\/2020\/07\/magneticka_folie_05_nova.jpg\" class=\"attachment-full size-full wp-post-image\" alt=\"\" srcset=\"https:\/\/fotonet.cz\/wordpress\/wp-content\/uploads\/2020\/07\/magneticka_folie_05_nova-200x113.jpg 200w, https:\/\/fotonet.cz\/wordpress\/wp-content\/uploads\/2020\/07\/magneticka_folie_05_nova-400x225.jpg 400w, https:\/\/fotonet.cz\/wordpress\/wp-content\/uploads\/2020\/07\/magneticka_folie_05_nova-600x338.jpg 600w, https:\/\/fotonet.cz\/wordpress\/wp-content\/uploads\/2020\/07\/magneticka_folie_05_nova-800x450.jpg 800w, https:\/\/fotonet.cz\/wordpress\/wp-content\/uploads\/2020\/07\/magneticka_folie_05_nova-1200x675.jpg 1200w, https:\/\/fotonet.cz\/wordpress\/wp-content\/uploads\/2020\/07\/magneticka_folie_05_nova.jpg 1920w\" sizes=\"(min-width: 2200px) 100vw, (min-width: 1088px) 204px, (min-width: 976px) 255px, (min-width: 864px) 340px, (min-width: 752px) 510px, (min-width: 640px) 752px, \" \/>\t\t\t<\/a>\n\t\t\t\t\t\t\t<\/div>\n<div class=\"fusion-portfolio-content\" style=\"background-color:rgba(255,255,255,0);\"><h2 class=\"entry-title fusion-post-title\"><a href=\"https:\/\/fotonet.cz\/wordpress\/portfolio-items\/magneticka-folie\/\">Magnetick\u00e1 f\u00f3lie<\/a><\/h2><div class=\"fusion-post-content\"><\/div><\/div><\/div><\/article><article id=\"portfolio-1-post-14621\" class=\"fusion-portfolio-post povrchove-upravy fusion-col-spacing post-14621\"><div class=\"fusion-portfolio-content-wrapper\" style=\"border:1px solid #3e3e3e;border-bottom-width:3px;background-color:rgba(255,255,255,0);\"><span class=\"vcard rich-snippet-hidden\"><span class=\"fn\"><a href=\"https:\/\/fotonet.cz\/wordpress\/author\/rosenbaum\/\" title=\"P\u0159\u00edsp\u011bvky od Michal Rosenbaum\" rel=\"author\">Michal Rosenbaum<\/a><\/span><\/span><span class=\"updated rich-snippet-hidden\">2023-03-22T11:36:54+01:00<\/span><div  class=\"fusion-image-wrapper\" aria-haspopup=\"true\">\n\t\t\t\t\t\t\t<a href=\"https:\/\/fotonet.cz\/wordpress\/portfolio-items\/laminace-strikana-matna\/\" aria-label=\"Laminace st\u0159\u00edkan\u00e1 matn\u00e1\">\n\t\t\t\t\t\t\t<img decoding=\"async\" width=\"1600\" height=\"900\" src=\"https:\/\/fotonet.cz\/wordpress\/wp-content\/uploads\/2023\/03\/LAMINACE-STRIKANA-MATNA.jpg\" class=\"attachment-full size-full wp-post-image\" alt=\"\" srcset=\"https:\/\/fotonet.cz\/wordpress\/wp-content\/uploads\/2023\/03\/LAMINACE-STRIKANA-MATNA-200x113.jpg 200w, https:\/\/fotonet.cz\/wordpress\/wp-content\/uploads\/2023\/03\/LAMINACE-STRIKANA-MATNA-400x225.jpg 400w, https:\/\/fotonet.cz\/wordpress\/wp-content\/uploads\/2023\/03\/LAMINACE-STRIKANA-MATNA-600x338.jpg 600w, https:\/\/fotonet.cz\/wordpress\/wp-content\/uploads\/2023\/03\/LAMINACE-STRIKANA-MATNA-800x450.jpg 800w, https:\/\/fotonet.cz\/wordpress\/wp-content\/uploads\/2023\/03\/LAMINACE-STRIKANA-MATNA-1200x675.jpg 1200w, https:\/\/fotonet.cz\/wordpress\/wp-content\/uploads\/2023\/03\/LAMINACE-STRIKANA-MATNA.jpg 1600w\" sizes=\"(min-width: 2200px) 100vw, (min-width: 1088px) 204px, (min-width: 976px) 255px, (min-width: 864px) 340px, (min-width: 752px) 510px, (min-width: 640px) 752px, \" \/>\t\t\t<\/a>\n\t\t\t\t\t\t\t<\/div>\n<div class=\"fusion-portfolio-content\" style=\"background-color:rgba(255,255,255,0);\"><h2 class=\"entry-title fusion-post-title\"><a href=\"https:\/\/fotonet.cz\/wordpress\/portfolio-items\/laminace-strikana-matna\/\">Laminace st\u0159\u00edkan\u00e1 matn\u00e1<\/a><\/h2><div class=\"fusion-post-content\"><\/div><\/div><\/div><\/article><article id=\"portfolio-1-post-14629\" class=\"fusion-portfolio-post povrchove-upravy fusion-col-spacing post-14629\"><div class=\"fusion-portfolio-content-wrapper\" style=\"border:1px solid #3e3e3e;border-bottom-width:3px;background-color:rgba(255,255,255,0);\"><span class=\"vcard rich-snippet-hidden\"><span class=\"fn\"><a href=\"https:\/\/fotonet.cz\/wordpress\/author\/rosenbaum\/\" title=\"P\u0159\u00edsp\u011bvky od Michal Rosenbaum\" rel=\"author\">Michal Rosenbaum<\/a><\/span><\/span><span class=\"updated rich-snippet-hidden\">2023-03-22T11:40:21+01:00<\/span><div  class=\"fusion-image-wrapper\" aria-haspopup=\"true\">\n\t\t\t\t\t\t\t<a href=\"https:\/\/fotonet.cz\/wordpress\/portfolio-items\/laminace-strikana-pololeskla\/\" aria-label=\"Laminace st\u0159\u00edkan\u00e1 pololeskl\u00e1\">\n\t\t\t\t\t\t\t<img decoding=\"async\" width=\"1600\" height=\"900\" src=\"https:\/\/fotonet.cz\/wordpress\/wp-content\/uploads\/2020\/07\/LAMINACE-STRIKANA-POLOLESK-1.jpg\" class=\"attachment-full size-full wp-post-image\" alt=\"\" srcset=\"https:\/\/fotonet.cz\/wordpress\/wp-content\/uploads\/2020\/07\/LAMINACE-STRIKANA-POLOLESK-1-200x113.jpg 200w, https:\/\/fotonet.cz\/wordpress\/wp-content\/uploads\/2020\/07\/LAMINACE-STRIKANA-POLOLESK-1-400x225.jpg 400w, https:\/\/fotonet.cz\/wordpress\/wp-content\/uploads\/2020\/07\/LAMINACE-STRIKANA-POLOLESK-1-600x338.jpg 600w, https:\/\/fotonet.cz\/wordpress\/wp-content\/uploads\/2020\/07\/LAMINACE-STRIKANA-POLOLESK-1-800x450.jpg 800w, https:\/\/fotonet.cz\/wordpress\/wp-content\/uploads\/2020\/07\/LAMINACE-STRIKANA-POLOLESK-1-1200x675.jpg 1200w, https:\/\/fotonet.cz\/wordpress\/wp-content\/uploads\/2020\/07\/LAMINACE-STRIKANA-POLOLESK-1.jpg 1600w\" sizes=\"(min-width: 2200px) 100vw, (min-width: 1088px) 204px, (min-width: 976px) 255px, (min-width: 864px) 340px, (min-width: 752px) 510px, (min-width: 640px) 752px, \" \/>\t\t\t<\/a>\n\t\t\t\t\t\t\t<\/div>\n<div class=\"fusion-portfolio-content\" style=\"background-color:rgba(255,255,255,0);\"><h2 class=\"entry-title fusion-post-title\"><a href=\"https:\/\/fotonet.cz\/wordpress\/portfolio-items\/laminace-strikana-pololeskla\/\">Laminace st\u0159\u00edkan\u00e1 pololeskl\u00e1<\/a><\/h2><div class=\"fusion-post-content\"><\/div><\/div><\/div><\/article><article id=\"portfolio-1-post-14631\" class=\"fusion-portfolio-post povrchove-upravy fusion-col-spacing post-14631\"><div class=\"fusion-portfolio-content-wrapper\" style=\"border:1px solid #3e3e3e;border-bottom-width:3px;background-color:rgba(255,255,255,0);\"><span class=\"vcard rich-snippet-hidden\"><span class=\"fn\"><a href=\"https:\/\/fotonet.cz\/wordpress\/author\/rosenbaum\/\" title=\"P\u0159\u00edsp\u011bvky od Michal Rosenbaum\" rel=\"author\">Michal Rosenbaum<\/a><\/span><\/span><span class=\"updated rich-snippet-hidden\">2023-03-22T11:42:10+01:00<\/span><div  class=\"fusion-image-wrapper\" aria-haspopup=\"true\">\n\t\t\t\t\t\t\t<a href=\"https:\/\/fotonet.cz\/wordpress\/portfolio-items\/laminace-strikana-leskla\/\" aria-label=\"Laminace st\u0159\u00edkan\u00e1 leskl\u00e1\">\n\t\t\t\t\t\t\t<img decoding=\"async\" width=\"1600\" height=\"900\" src=\"https:\/\/fotonet.cz\/wordpress\/wp-content\/uploads\/2020\/07\/LAMINACE-STRIKANA-LESKLA-1.jpg\" class=\"attachment-full size-full wp-post-image\" alt=\"\" srcset=\"https:\/\/fotonet.cz\/wordpress\/wp-content\/uploads\/2020\/07\/LAMINACE-STRIKANA-LESKLA-1-200x113.jpg 200w, https:\/\/fotonet.cz\/wordpress\/wp-content\/uploads\/2020\/07\/LAMINACE-STRIKANA-LESKLA-1-400x225.jpg 400w, https:\/\/fotonet.cz\/wordpress\/wp-content\/uploads\/2020\/07\/LAMINACE-STRIKANA-LESKLA-1-600x338.jpg 600w, https:\/\/fotonet.cz\/wordpress\/wp-content\/uploads\/2020\/07\/LAMINACE-STRIKANA-LESKLA-1-800x450.jpg 800w, https:\/\/fotonet.cz\/wordpress\/wp-content\/uploads\/2020\/07\/LAMINACE-STRIKANA-LESKLA-1-1200x675.jpg 1200w, https:\/\/fotonet.cz\/wordpress\/wp-content\/uploads\/2020\/07\/LAMINACE-STRIKANA-LESKLA-1.jpg 1600w\" sizes=\"(min-width: 2200px) 100vw, (min-width: 1088px) 204px, (min-width: 976px) 255px, (min-width: 864px) 340px, (min-width: 752px) 510px, (min-width: 640px) 752px, \" \/>\t\t\t<\/a>\n\t\t\t\t\t\t\t<\/div>\n<div class=\"fusion-portfolio-content\" style=\"background-color:rgba(255,255,255,0);\"><h2 class=\"entry-title fusion-post-title\"><a href=\"https:\/\/fotonet.cz\/wordpress\/portfolio-items\/laminace-strikana-leskla\/\">Laminace st\u0159\u00edkan\u00e1 leskl\u00e1<\/a><\/h2><div class=\"fusion-post-content\"><\/div><\/div><\/div><\/article><article id=\"portfolio-1-post-14611\" class=\"fusion-portfolio-post povrchove-upravy fusion-col-spacing post-14611\"><div class=\"fusion-portfolio-content-wrapper\" style=\"border:1px solid #3e3e3e;border-bottom-width:3px;background-color:rgba(255,255,255,0);\"><span class=\"vcard rich-snippet-hidden\"><span class=\"fn\"><a href=\"https:\/\/fotonet.cz\/wordpress\/author\/rosenbaum\/\" title=\"P\u0159\u00edsp\u011bvky od Michal Rosenbaum\" rel=\"author\">Michal Rosenbaum<\/a><\/span><\/span><span class=\"updated rich-snippet-hidden\">2023-03-22T11:44:17+01:00<\/span><div  class=\"fusion-image-wrapper\" aria-haspopup=\"true\">\n\t\t\t\t\t\t\t<a href=\"https:\/\/fotonet.cz\/wordpress\/portfolio-items\/laminace-potahovana-matna\/\" aria-label=\"Laminace potahovan\u00e1 matn\u00e1\">\n\t\t\t\t\t\t\t<img decoding=\"async\" width=\"1600\" height=\"900\" src=\"https:\/\/fotonet.cz\/wordpress\/wp-content\/uploads\/2020\/07\/LAMINACE-POTAHOVANA-MATNA-1.jpg\" class=\"attachment-full size-full wp-post-image\" alt=\"\" srcset=\"https:\/\/fotonet.cz\/wordpress\/wp-content\/uploads\/2020\/07\/LAMINACE-POTAHOVANA-MATNA-1-200x113.jpg 200w, https:\/\/fotonet.cz\/wordpress\/wp-content\/uploads\/2020\/07\/LAMINACE-POTAHOVANA-MATNA-1-400x225.jpg 400w, https:\/\/fotonet.cz\/wordpress\/wp-content\/uploads\/2020\/07\/LAMINACE-POTAHOVANA-MATNA-1-600x338.jpg 600w, https:\/\/fotonet.cz\/wordpress\/wp-content\/uploads\/2020\/07\/LAMINACE-POTAHOVANA-MATNA-1-800x450.jpg 800w, https:\/\/fotonet.cz\/wordpress\/wp-content\/uploads\/2020\/07\/LAMINACE-POTAHOVANA-MATNA-1-1200x675.jpg 1200w, https:\/\/fotonet.cz\/wordpress\/wp-content\/uploads\/2020\/07\/LAMINACE-POTAHOVANA-MATNA-1.jpg 1600w\" sizes=\"(min-width: 2200px) 100vw, (min-width: 1088px) 204px, (min-width: 976px) 255px, (min-width: 864px) 340px, (min-width: 752px) 510px, (min-width: 640px) 752px, \" \/>\t\t\t<\/a>\n\t\t\t\t\t\t\t<\/div>\n<div class=\"fusion-portfolio-content\" style=\"background-color:rgba(255,255,255,0);\"><h2 class=\"entry-title fusion-post-title\"><a href=\"https:\/\/fotonet.cz\/wordpress\/portfolio-items\/laminace-potahovana-matna\/\">Laminace potahovan\u00e1 matn\u00e1<\/a><\/h2><div class=\"fusion-post-content\"><\/div><\/div><\/div><\/article><article id=\"portfolio-1-post-14613\" class=\"fusion-portfolio-post povrchove-upravy fusion-col-spacing post-14613\"><div class=\"fusion-portfolio-content-wrapper\" style=\"border:1px solid #3e3e3e;border-bottom-width:3px;background-color:rgba(255,255,255,0);\"><span class=\"vcard rich-snippet-hidden\"><span class=\"fn\"><a href=\"https:\/\/fotonet.cz\/wordpress\/author\/rosenbaum\/\" title=\"P\u0159\u00edsp\u011bvky od Michal Rosenbaum\" rel=\"author\">Michal Rosenbaum<\/a><\/span><\/span><span class=\"updated rich-snippet-hidden\">2023-03-22T11:45:44+01:00<\/span><div  class=\"fusion-image-wrapper\" aria-haspopup=\"true\">\n\t\t\t\t\t\t\t<a href=\"https:\/\/fotonet.cz\/wordpress\/portfolio-items\/laminace-potahovana-pololeskla\/\" aria-label=\"Laminace potahovan\u00e1 pololeskl\u00e1\">\n\t\t\t\t\t\t\t<img decoding=\"async\" width=\"1600\" height=\"900\" src=\"https:\/\/fotonet.cz\/wordpress\/wp-content\/uploads\/2020\/07\/LAMINACE-POTAHOVANA-POLOLESK-1.jpg\" class=\"attachment-full size-full wp-post-image\" alt=\"\" srcset=\"https:\/\/fotonet.cz\/wordpress\/wp-content\/uploads\/2020\/07\/LAMINACE-POTAHOVANA-POLOLESK-1-200x113.jpg 200w, https:\/\/fotonet.cz\/wordpress\/wp-content\/uploads\/2020\/07\/LAMINACE-POTAHOVANA-POLOLESK-1-400x225.jpg 400w, https:\/\/fotonet.cz\/wordpress\/wp-content\/uploads\/2020\/07\/LAMINACE-POTAHOVANA-POLOLESK-1-600x338.jpg 600w, https:\/\/fotonet.cz\/wordpress\/wp-content\/uploads\/2020\/07\/LAMINACE-POTAHOVANA-POLOLESK-1-800x450.jpg 800w, https:\/\/fotonet.cz\/wordpress\/wp-content\/uploads\/2020\/07\/LAMINACE-POTAHOVANA-POLOLESK-1-1200x675.jpg 1200w, https:\/\/fotonet.cz\/wordpress\/wp-content\/uploads\/2020\/07\/LAMINACE-POTAHOVANA-POLOLESK-1.jpg 1600w\" sizes=\"(min-width: 2200px) 100vw, (min-width: 1088px) 204px, (min-width: 976px) 255px, (min-width: 864px) 340px, (min-width: 752px) 510px, (min-width: 640px) 752px, \" \/>\t\t\t<\/a>\n\t\t\t\t\t\t\t<\/div>\n<div class=\"fusion-portfolio-content\" style=\"background-color:rgba(255,255,255,0);\"><h2 class=\"entry-title fusion-post-title\"><a href=\"https:\/\/fotonet.cz\/wordpress\/portfolio-items\/laminace-potahovana-pololeskla\/\">Laminace potahovan\u00e1 pololeskl\u00e1<\/a><\/h2><div class=\"fusion-post-content\"><\/div><\/div><\/div><\/article><article id=\"portfolio-1-post-14619\" class=\"fusion-portfolio-post povrchove-upravy fusion-col-spacing post-14619\"><div class=\"fusion-portfolio-content-wrapper\" style=\"border:1px solid #3e3e3e;border-bottom-width:3px;background-color:rgba(255,255,255,0);\"><span class=\"vcard rich-snippet-hidden\"><span class=\"fn\"><a href=\"https:\/\/fotonet.cz\/wordpress\/author\/rosenbaum\/\" title=\"P\u0159\u00edsp\u011bvky od Michal Rosenbaum\" rel=\"author\">Michal Rosenbaum<\/a><\/span><\/span><span class=\"updated rich-snippet-hidden\">2023-03-22T11:47:12+01:00<\/span><div  class=\"fusion-image-wrapper\" aria-haspopup=\"true\">\n\t\t\t\t\t\t\t<a href=\"https:\/\/fotonet.cz\/wordpress\/portfolio-items\/laminace-potahovana-leskla\/\" aria-label=\"Laminace potahovan\u00e1 leskl\u00e1\">\n\t\t\t\t\t\t\t<img decoding=\"async\" width=\"1600\" height=\"900\" src=\"https:\/\/fotonet.cz\/wordpress\/wp-content\/uploads\/2020\/07\/LAMINACE-POTAHOVANA-LESKLA-1.jpg\" class=\"attachment-full size-full wp-post-image\" alt=\"\" srcset=\"https:\/\/fotonet.cz\/wordpress\/wp-content\/uploads\/2020\/07\/LAMINACE-POTAHOVANA-LESKLA-1-200x113.jpg 200w, https:\/\/fotonet.cz\/wordpress\/wp-content\/uploads\/2020\/07\/LAMINACE-POTAHOVANA-LESKLA-1-400x225.jpg 400w, https:\/\/fotonet.cz\/wordpress\/wp-content\/uploads\/2020\/07\/LAMINACE-POTAHOVANA-LESKLA-1-600x338.jpg 600w, https:\/\/fotonet.cz\/wordpress\/wp-content\/uploads\/2020\/07\/LAMINACE-POTAHOVANA-LESKLA-1-800x450.jpg 800w, https:\/\/fotonet.cz\/wordpress\/wp-content\/uploads\/2020\/07\/LAMINACE-POTAHOVANA-LESKLA-1-1200x675.jpg 1200w, https:\/\/fotonet.cz\/wordpress\/wp-content\/uploads\/2020\/07\/LAMINACE-POTAHOVANA-LESKLA-1.jpg 1600w\" sizes=\"(min-width: 2200px) 100vw, (min-width: 1088px) 204px, (min-width: 976px) 255px, (min-width: 864px) 340px, (min-width: 752px) 510px, (min-width: 640px) 752px, \" \/>\t\t\t<\/a>\n\t\t\t\t\t\t\t<\/div>\n<div class=\"fusion-portfolio-content\" style=\"background-color:rgba(255,255,255,0);\"><h2 class=\"entry-title fusion-post-title\"><a href=\"https:\/\/fotonet.cz\/wordpress\/portfolio-items\/laminace-potahovana-leskla\/\">Laminace potahovan\u00e1 leskl\u00e1<\/a><\/h2><div class=\"fusion-post-content\"><\/div><\/div><\/div><\/article><\/div><\/div><div class=\"fusion-clearfix\"><\/div><\/div><\/div><\/div><\/div><div class=\"fusion-fullwidth fullwidth-box fusion-builder-row-2 fusion-flex-container nonhundred-percent-fullwidth non-hundred-percent-height-scrolling\" style=\"--awb-border-radius-top-left:0px;--awb-border-radius-top-right:0px;--awb-border-radius-bottom-right:0px;--awb-border-radius-bottom-left:0px;--awb-flex-wrap:wrap;\" ><div class=\"fusion-builder-row fusion-row fusion-flex-align-items-flex-start fusion-flex-content-wrap\" style=\"max-width:1144px;margin-left: calc(-4% \/ 2 );margin-right: calc(-4% \/ 2 );\"><div class=\"fusion-layout-column fusion_builder_column fusion-builder-column-1 fusion_builder_column_1_1 1_1 fusion-flex-column\" style=\"--awb-bg-size:cover;--awb-width-large:100%;--awb-margin-top-large:0px;--awb-spacing-right-large:1.92%;--awb-margin-bottom-large:20px;--awb-spacing-left-large:1.92%;--awb-width-medium:100%;--awb-order-medium:0;--awb-spacing-right-medium:1.92%;--awb-spacing-left-medium:1.92%;--awb-width-small:100%;--awb-order-small:0;--awb-spacing-right-small:1.92%;--awb-spacing-left-small:1.92%;\"><div class=\"fusion-column-wrapper fusion-column-has-shadow fusion-flex-justify-content-flex-start fusion-content-layout-column\"><div style=\"text-align:center;\"><a class=\"fusion-button button-flat fusion-button-default-size button-default fusion-button-default button-1 fusion-button-default-span fusion-button-default-type\" target=\"_self\" href=\"https:\/\/fotonet.cz\/wordpress\/benefity\/\"><i class=\"fa-arrow-left fas awb-button__icon awb-button__icon--default button-icon-left\" aria-hidden=\"true\"><\/i><span class=\"fusion-button-text awb-button__text awb-button__text--default\">ZP\u011aT<\/span><\/a><\/div><\/div><\/div><\/div><\/div><\/p>\n","protected":false},"excerpt":{"rendered":"","protected":false},"author":6,"featured_media":0,"parent":11888,"menu_order":0,"comment_status":"closed","ping_status":"closed","template":"100-width.php","meta":{"footnotes":""},"class_list":["post-12215","page","type-page","status-publish","hentry"],"_links":{"self":[{"href":"https:\/\/fotonet.cz\/wordpress\/wp-json\/wp\/v2\/pages\/12215","targetHints":{"allow":["GET"]}}],"collection":[{"href":"https:\/\/fotonet.cz\/wordpress\/wp-json\/wp\/v2\/pages"}],"about":[{"href":"https:\/\/fotonet.cz\/wordpress\/wp-json\/wp\/v2\/types\/page"}],"author":[{"embeddable":true,"href":"https:\/\/fotonet.cz\/wordpress\/wp-json\/wp\/v2\/users\/6"}],"replies":[{"embeddable":true,"href":"https:\/\/fotonet.cz\/wordpress\/wp-json\/wp\/v2\/comments?post=12215"}],"version-history":[{"count":41,"href":"https:\/\/fotonet.cz\/wordpress\/wp-json\/wp\/v2\/pages\/12215\/revisions"}],"predecessor-version":[{"id":15028,"href":"https:\/\/fotonet.cz\/wordpress\/wp-json\/wp\/v2\/pages\/12215\/revisions\/15028"}],"up":[{"embeddable":true,"href":"https:\/\/fotonet.cz\/wordpress\/wp-json\/wp\/v2\/pages\/11888"}],"wp:attachment":[{"href":"https:\/\/fotonet.cz\/wordpress\/wp-json\/wp\/v2\/media?parent=12215"}],"curies":[{"name":"wp","href":"https:\/\/api.w.org\/{rel}","templated":true}]}}